{"id":2606,"date":"2021-02-08T20:33:28","date_gmt":"2021-02-08T19:33:28","guid":{"rendered":"http:\/\/esbartciutatcomtal.cat\/wp-content\/uploads\/2021\/02\/GRAVACIO-EULALIA-ECC-02-GENER2021.jpg"},"modified":"2021-02-08T20:33:28","modified_gmt":"2021-02-08T19:33:28","slug":"gravacio-eulalia-ecc-02-gener2021","status":"inherit","type":"attachment","link":"https:\/\/esbartciutatcomtal.cat\/index.php\/noticies\/eulalia-la-poesia-de-la-historia-de-santa-eulalia\/attachment\/gravacio-eulalia-ecc-02-gener2021\/#main","title":{"rendered":"GRAVACI\u00d3 EUL\u00c0LIA- ECC 02 &#8211; GENER2021"},"author":1,"comment_status":"open","ping_status":"closed","template":"","meta":{"ngg_post_thumbnail":0},"yoast_head":"<!-- This site is optimized with the Yoast SEO plugin v17.6 - https:\/\/yoast.com\/wordpress\/plugins\/seo\/ -->\n<title>GRAVACI\u00d3 EUL\u00c0LIA- ECC 02 - GENER2021 - Esbart Ciutat Comtal<\/title>\n<meta name=\"robots\" content=\"index, follow, max-snippet:-1, max-image-preview:large, max-video-preview:-1\" \/>\n<link rel=\"canonical\" href=\"https:\/\/esbartciutatcomtal.cat\/wp-content\/uploads\/2021\/02\/GRAVACIO-EULALIA-ECC-02-GENER2021-scaled.jpg\" \/>\n<meta property=\"og:locale\" content=\"ca_ES\" \/>\n<meta property=\"og:type\" content=\"article\" \/>\n<meta property=\"og:title\" content=\"GRAVACI\u00d3 EUL\u00c0LIA- ECC 02 - GENER2021 - Esbart Ciutat Comtal\" \/>\n<meta property=\"og:url\" content=\"https:\/\/esbartciutatcomtal.cat\/wp-content\/uploads\/2021\/02\/GRAVACIO-EULALIA-ECC-02-GENER2021-scaled.jpg\" \/>\n<meta property=\"og:site_name\" content=\"Esbart Ciutat Comtal\" \/>\n<meta property=\"article:publisher\" content=\"https:\/\/www.facebook.com\/esbartciutatcomtal\/\" \/>\n<meta property=\"og:image\" content=\"https:\/\/esbartciutatcomtal.cat\/wp-content\/uploads\/2021\/02\/GRAVACIO-EULALIA-ECC-02-GENER2021-scaled.jpg\" \/>\n\t<meta property=\"og:image:width\" content=\"2560\" \/>\n\t<meta property=\"og:image:height\" content=\"1440\" \/>\n<meta name=\"twitter:card\" content=\"summary\" \/>\n<meta name=\"twitter:site\" content=\"@esbartciutatcom\" \/>\n<script type=\"application\/ld+json\" class=\"yoast-schema-graph\">{\"@context\":\"https:\/\/schema.org\",\"@graph\":[{\"@type\":\"Organization\",\"@id\":\"https:\/\/esbartciutatcomtal.cat\/#organization\",\"name\":\"Esbart Ciutat Comtal\",\"url\":\"https:\/\/esbartciutatcomtal.cat\/\",\"sameAs\":[\"https:\/\/www.facebook.com\/esbartciutatcomtal\/\",\"https:\/\/www.instagram.com\/esbartciutatcom\/\",\"https:\/\/www.youtube.com\/user\/eciutatcomtal\",\"https:\/\/twitter.com\/esbartciutatcom\"],\"logo\":{\"@type\":\"ImageObject\",\"@id\":\"https:\/\/esbartciutatcomtal.cat\/#logo\",\"inLanguage\":\"ca\",\"url\":\"https:\/\/esbartciutatcomtal.cat\/wp-content\/uploads\/2015\/05\/ECClogo.png\",\"contentUrl\":\"https:\/\/esbartciutatcomtal.cat\/wp-content\/uploads\/2015\/05\/ECClogo.png\",\"width\":300,\"height\":125,\"caption\":\"Esbart Ciutat Comtal\"},\"image\":{\"@id\":\"https:\/\/esbartciutatcomtal.cat\/#logo\"}},{\"@type\":\"WebSite\",\"@id\":\"https:\/\/esbartciutatcomtal.cat\/#website\",\"url\":\"https:\/\/esbartciutatcomtal.cat\/\",\"name\":\"Esbart Ciutat Comtal\",\"description\":\"\",\"publisher\":{\"@id\":\"https:\/\/esbartciutatcomtal.cat\/#organization\"},\"potentialAction\":[{\"@type\":\"SearchAction\",\"target\":{\"@type\":\"EntryPoint\",\"urlTemplate\":\"https:\/\/esbartciutatcomtal.cat\/?s={search_term_string}\"},\"query-input\":\"required name=search_term_string\"}],\"inLanguage\":\"ca\"},{\"@type\":\"WebPage\",\"@id\":\"https:\/\/esbartciutatcomtal.cat\/wp-content\/uploads\/2021\/02\/GRAVACIO-EULALIA-ECC-02-GENER2021-scaled.jpg#webpage\",\"url\":\"https:\/\/esbartciutatcomtal.cat\/wp-content\/uploads\/2021\/02\/GRAVACIO-EULALIA-ECC-02-GENER2021-scaled.jpg\",\"name\":\"GRAVACI\\u00d3 EUL\\u00c0LIA- ECC 02 - GENER2021 - Esbart Ciutat Comtal\",\"isPartOf\":{\"@id\":\"https:\/\/esbartciutatcomtal.cat\/#website\"},\"datePublished\":\"2021-02-08T19:33:28+00:00\",\"dateModified\":\"2021-02-08T19:33:28+00:00\",\"breadcrumb\":{\"@id\":\"https:\/\/esbartciutatcomtal.cat\/wp-content\/uploads\/2021\/02\/GRAVACIO-EULALIA-ECC-02-GENER2021-scaled.jpg#breadcrumb\"},\"inLanguage\":\"ca\",\"potentialAction\":[{\"@type\":\"ReadAction\",\"target\":[\"https:\/\/esbartciutatcomtal.cat\/wp-content\/uploads\/2021\/02\/GRAVACIO-EULALIA-ECC-02-GENER2021-scaled.jpg\"]}]},{\"@type\":\"BreadcrumbList\",\"@id\":\"https:\/\/esbartciutatcomtal.cat\/wp-content\/uploads\/2021\/02\/GRAVACIO-EULALIA-ECC-02-GENER2021-scaled.jpg#breadcrumb\",\"itemListElement\":[{\"@type\":\"ListItem\",\"position\":1,\"name\":\"Inici\",\"item\":\"https:\/\/esbartciutatcomtal.cat\/\"},{\"@type\":\"ListItem\",\"position\":2,\"name\":\"EUL\\u00c0LIA, la poesia de la hist\\u00f2ria de Santa Eul\\u00e0lia\",\"item\":\"https:\/\/esbartciutatcomtal.cat\/index.php\/noticies\/eulalia-la-poesia-de-la-historia-de-santa-eulalia\/\"},{\"@type\":\"ListItem\",\"position\":3,\"name\":\"GRAVACI\\u00d3 EUL\\u00c0LIA- ECC 02 &#8211; GENER2021\"}]}]}<\/script>\n<!-- \/ Yoast SEO plugin. -->","yoast_head_json":{"title":"GRAVACI\u00d3 EUL\u00c0LIA- ECC 02 - GENER2021 - Esbart Ciutat Comtal","robots":{"index":"index","follow":"follow","max-snippet":"max-snippet:-1","max-image-preview":"max-image-preview:large","max-video-preview":"max-video-preview:-1"},"canonical":"https:\/\/esbartciutatcomtal.cat\/wp-content\/uploads\/2021\/02\/GRAVACIO-EULALIA-ECC-02-GENER2021-scaled.jpg","og_locale":"ca_ES","og_type":"article","og_title":"GRAVACI\u00d3 EUL\u00c0LIA- ECC 02 - GENER2021 - Esbart Ciutat Comtal","og_url":"https:\/\/esbartciutatcomtal.cat\/wp-content\/uploads\/2021\/02\/GRAVACIO-EULALIA-ECC-02-GENER2021-scaled.jpg","og_site_name":"Esbart Ciutat Comtal","article_publisher":"https:\/\/www.facebook.com\/esbartciutatcomtal\/","og_image":[{"width":2560,"height":1440,"url":"https:\/\/esbartciutatcomtal.cat\/wp-content\/uploads\/2021\/02\/GRAVACIO-EULALIA-ECC-02-GENER2021-scaled.jpg","type":"image\/jpeg"}],"twitter_card":"summary","twitter_site":"@esbartciutatcom","schema":{"@context":"https:\/\/schema.org","@graph":[{"@type":"Organization","@id":"https:\/\/esbartciutatcomtal.cat\/#organization","name":"Esbart Ciutat Comtal","url":"https:\/\/esbartciutatcomtal.cat\/","sameAs":["https:\/\/www.facebook.com\/esbartciutatcomtal\/","https:\/\/www.instagram.com\/esbartciutatcom\/","https:\/\/www.youtube.com\/user\/eciutatcomtal","https:\/\/twitter.com\/esbartciutatcom"],"logo":{"@type":"ImageObject","@id":"https:\/\/esbartciutatcomtal.cat\/#logo","inLanguage":"ca","url":"https:\/\/esbartciutatcomtal.cat\/wp-content\/uploads\/2015\/05\/ECClogo.png","contentUrl":"https:\/\/esbartciutatcomtal.cat\/wp-content\/uploads\/2015\/05\/ECClogo.png","width":300,"height":125,"caption":"Esbart Ciutat Comtal"},"image":{"@id":"https:\/\/esbartciutatcomtal.cat\/#logo"}},{"@type":"WebSite","@id":"https:\/\/esbartciutatcomtal.cat\/#website","url":"https:\/\/esbartciutatcomtal.cat\/","name":"Esbart Ciutat Comtal","description":"","publisher":{"@id":"https:\/\/esbartciutatcomtal.cat\/#organization"},"potentialAction":[{"@type":"SearchAction","target":{"@type":"EntryPoint","urlTemplate":"https:\/\/esbartciutatcomtal.cat\/?s={search_term_string}"},"query-input":"required name=search_term_string"}],"inLanguage":"ca"},{"@type":"WebPage","@id":"https:\/\/esbartciutatcomtal.cat\/wp-content\/uploads\/2021\/02\/GRAVACIO-EULALIA-ECC-02-GENER2021-scaled.jpg#webpage","url":"https:\/\/esbartciutatcomtal.cat\/wp-content\/uploads\/2021\/02\/GRAVACIO-EULALIA-ECC-02-GENER2021-scaled.jpg","name":"GRAVACI\u00d3 EUL\u00c0LIA- ECC 02 - GENER2021 - Esbart Ciutat Comtal","isPartOf":{"@id":"https:\/\/esbartciutatcomtal.cat\/#website"},"datePublished":"2021-02-08T19:33:28+00:00","dateModified":"2021-02-08T19:33:28+00:00","breadcrumb":{"@id":"https:\/\/esbartciutatcomtal.cat\/wp-content\/uploads\/2021\/02\/GRAVACIO-EULALIA-ECC-02-GENER2021-scaled.jpg#breadcrumb"},"inLanguage":"ca","potentialAction":[{"@type":"ReadAction","target":["https:\/\/esbartciutatcomtal.cat\/wp-content\/uploads\/2021\/02\/GRAVACIO-EULALIA-ECC-02-GENER2021-scaled.jpg"]}]},{"@type":"BreadcrumbList","@id":"https:\/\/esbartciutatcomtal.cat\/wp-content\/uploads\/2021\/02\/GRAVACIO-EULALIA-ECC-02-GENER2021-scaled.jpg#breadcrumb","itemListElement":[{"@type":"ListItem","position":1,"name":"Inici","item":"https:\/\/esbartciutatcomtal.cat\/"},{"@type":"ListItem","position":2,"name":"EUL\u00c0LIA, la poesia de la hist\u00f2ria de Santa Eul\u00e0lia","item":"https:\/\/esbartciutatcomtal.cat\/index.php\/noticies\/eulalia-la-poesia-de-la-historia-de-santa-eulalia\/"},{"@type":"ListItem","position":3,"name":"GRAVACI\u00d3 EUL\u00c0LIA- ECC 02 &#8211; GENER2021"}]}]}},"description":{"rendered":"<p class=\"attachment\"><a href='https:\/\/esbartciutatcomtal.cat\/wp-content\/uploads\/2021\/02\/GRAVACIO-EULALIA-ECC-02-GENER2021-scaled.jpg'><img width=\"300\" height=\"169\" src=\"https:\/\/esbartciutatcomtal.cat\/wp-content\/uploads\/2021\/02\/GRAVACIO-EULALIA-ECC-02-GENER2021-300x169.jpg\" class=\"attachment-medium size-medium\" alt=\"\" loading=\"lazy\" srcset=\"https:\/\/esbartciutatcomtal.cat\/wp-content\/uploads\/2021\/02\/GRAVACIO-EULALIA-ECC-02-GENER2021-300x169.jpg 300w, https:\/\/esbartciutatcomtal.cat\/wp-content\/uploads\/2021\/02\/GRAVACIO-EULALIA-ECC-02-GENER2021-1024x576.jpg 1024w, https:\/\/esbartciutatcomtal.cat\/wp-content\/uploads\/2021\/02\/GRAVACIO-EULALIA-ECC-02-GENER2021-768x432.jpg 768w, https:\/\/esbartciutatcomtal.cat\/wp-content\/uploads\/2021\/02\/GRAVACIO-EULALIA-ECC-02-GENER2021-1536x864.jpg 1536w, https:\/\/esbartciutatcomtal.cat\/wp-content\/uploads\/2021\/02\/GRAVACIO-EULALIA-ECC-02-GENER2021-2048x1152.jpg 2048w\" sizes=\"(max-width: 300px) 100vw, 300px\" \/><\/a><\/p>\n"},"caption":{"rendered":""},"alt_text":"","media_type":"image","mime_type":"image\/jpeg","media_details":{"width":2560,"height":1440,"file":"2021\/02\/GRAVACIO-EULALIA-ECC-02-GENER2021-scaled.jpg","sizes":{"medium":{"file":"GRAVACIO-EULALIA-ECC-02-GENER2021-300x169.jpg","width":300,"height":169,"mime_type":"image\/jpeg","source_url":"https:\/\/esbartciutatcomtal.cat\/wp-content\/uploads\/2021\/02\/GRAVACIO-EULALIA-ECC-02-GENER2021-300x169.jpg"},"large":{"file":"GRAVACIO-EULALIA-ECC-02-GENER2021-1024x576.jpg","width":1024,"height":576,"mime_type":"image\/jpeg","source_url":"https:\/\/esbartciutatcomtal.cat\/wp-content\/uploads\/2021\/02\/GRAVACIO-EULALIA-ECC-02-GENER2021-1024x576.jpg"},"thumbnail":{"file":"GRAVACIO-EULALIA-ECC-02-GENER2021-150x150.jpg","width":150,"height":150,"mime_type":"image\/jpeg","source_url":"https:\/\/esbartciutatcomtal.cat\/wp-content\/uploads\/2021\/02\/GRAVACIO-EULALIA-ECC-02-GENER2021-150x150.jpg"},"medium_large":{"file":"GRAVACIO-EULALIA-ECC-02-GENER2021-768x432.jpg","width":768,"height":432,"mime_type":"image\/jpeg","source_url":"https:\/\/esbartciutatcomtal.cat\/wp-content\/uploads\/2021\/02\/GRAVACIO-EULALIA-ECC-02-GENER2021-768x432.jpg"},"1536x1536":{"file":"GRAVACIO-EULALIA-ECC-02-GENER2021-1536x864.jpg","width":1536,"height":864,"mime_type":"image\/jpeg","source_url":"https:\/\/esbartciutatcomtal.cat\/wp-content\/uploads\/2021\/02\/GRAVACIO-EULALIA-ECC-02-GENER2021-1536x864.jpg"},"2048x2048":{"file":"GRAVACIO-EULALIA-ECC-02-GENER2021-2048x1152.jpg","width":2048,"height":1152,"mime_type":"image\/jpeg","source_url":"https:\/\/esbartciutatcomtal.cat\/wp-content\/uploads\/2021\/02\/GRAVACIO-EULALIA-ECC-02-GENER2021-2048x1152.jpg"},"post-thumbnail":{"file":"GRAVACIO-EULALIA-ECC-02-GENER2021-720x380.jpg","width":720,"height":380,"mime_type":"image\/jpeg","source_url":"https:\/\/esbartciutatcomtal.cat\/wp-content\/uploads\/2021\/02\/GRAVACIO-EULALIA-ECC-02-GENER2021-720x380.jpg"},"vantage-thumbnail-no-sidebar":{"file":"GRAVACIO-EULALIA-ECC-02-GENER2021-1080x380.jpg","width":1080,"height":380,"mime_type":"image\/jpeg","source_url":"https:\/\/esbartciutatcomtal.cat\/wp-content\/uploads\/2021\/02\/GRAVACIO-EULALIA-ECC-02-GENER2021-1080x380.jpg"},"vantage-slide":{"file":"GRAVACIO-EULALIA-ECC-02-GENER2021-960x480.jpg","width":960,"height":480,"mime_type":"image\/jpeg","source_url":"https:\/\/esbartciutatcomtal.cat\/wp-content\/uploads\/2021\/02\/GRAVACIO-EULALIA-ECC-02-GENER2021-960x480.jpg"},"vantage-carousel":{"file":"GRAVACIO-EULALIA-ECC-02-GENER2021-272x182.jpg","width":272,"height":182,"mime_type":"image\/jpeg","source_url":"https:\/\/esbartciutatcomtal.cat\/wp-content\/uploads\/2021\/02\/GRAVACIO-EULALIA-ECC-02-GENER2021-272x182.jpg"},"vantage-grid-loop":{"file":"GRAVACIO-EULALIA-ECC-02-GENER2021-436x272.jpg","width":436,"height":272,"mime_type":"image\/jpeg","source_url":"https:\/\/esbartciutatcomtal.cat\/wp-content\/uploads\/2021\/02\/GRAVACIO-EULALIA-ECC-02-GENER2021-436x272.jpg"},"rpwe-thumbnail":{"file":"GRAVACIO-EULALIA-ECC-02-GENER2021-45x45.jpg","width":45,"height":45,"mime_type":"image\/jpeg","source_url":"https:\/\/esbartciutatcomtal.cat\/wp-content\/uploads\/2021\/02\/GRAVACIO-EULALIA-ECC-02-GENER2021-45x45.jpg"},"sow-carousel-default":{"file":"GRAVACIO-EULALIA-ECC-02-GENER2021-272x182.jpg","width":272,"height":182,"mime_type":"image\/jpeg","source_url":"https:\/\/esbartciutatcomtal.cat\/wp-content\/uploads\/2021\/02\/GRAVACIO-EULALIA-ECC-02-GENER2021-272x182.jpg"},"full":{"file":"GRAVACIO-EULALIA-ECC-02-GENER2021-scaled.jpg","width":2560,"height":1440,"mime_type":"image\/jpeg","source_url":"https:\/\/esbartciutatcomtal.cat\/wp-content\/uploads\/2021\/02\/GRAVACIO-EULALIA-ECC-02-GENER2021-scaled.jpg"}},"image_meta":{"aperture":"1.7","credit":"","camera":"SM-G935F","caption":"","created_timestamp":"1612008093","copyright":"","focal_length":"4.2","iso":"160","shutter_speed":"0.04","title":"","orientation":"1","keywords":[]},"original_image":"GRAVACIO-EULALIA-ECC-02-GENER2021.jpg"},"post":2604,"source_url":"https:\/\/esbartciutatcomtal.cat\/wp-content\/uploads\/2021\/02\/GRAVACIO-EULALIA-ECC-02-GENER2021-scaled.jpg","_links":{"self":[{"href":"https:\/\/esbartciutatcomtal.cat\/index.php\/wp-json\/wp\/v2\/media\/2606"}],"collection":[{"href":"https:\/\/esbartciutatcomtal.cat\/index.php\/wp-json\/wp\/v2\/media"}],"about":[{"href":"https:\/\/esbartciutatcomtal.cat\/index.php\/wp-json\/wp\/v2\/types\/attachment"}],"author":[{"embeddable":true,"href":"https:\/\/esbartciutatcomtal.cat\/index.php\/wp-json\/wp\/v2\/users\/1"}],"replies":[{"embeddable":true,"href":"https:\/\/esbartciutatcomtal.cat\/index.php\/wp-json\/wp\/v2\/comments?post=2606"}]}}