{"id":360,"date":"2015-03-05T15:20:08","date_gmt":"2015-03-05T14:20:08","guid":{"rendered":"http:\/\/2578314-0.web-hosting.es\/?page_id=360"},"modified":"2015-05-11T21:48:07","modified_gmt":"2015-05-11T19:48:07","slug":"sintesi","status":"publish","type":"page","link":"https:\/\/esbartciutatcomtal.cat\/index.php\/espectacles\/sintesi\/","title":{"rendered":"S\u00edntesi"},"content":{"rendered":"<div id=\"pl-360\"  class=\"panel-layout\" ><div id=\"pg-360-0\"  class=\"panel-grid panel-no-style\" ><div id=\"pgc-360-0-0\"  class=\"panel-grid-cell\" ><div id=\"panel-360-0-0-0\" class=\"so-panel widget widget_black-studio-tinymce widget_black_studio_tinymce panel-first-child panel-last-child\" data-index=\"0\" ><div class=\"textwidget\"><p class=\"alignright\"><iframe src=\"https:\/\/www.youtube.com\/embed\/vwNl01fQ0G0\" width=\"450\" height=\"320\" frameborder=\"0\" allowfullscreen=\"allowfullscreen\"><\/iframe><\/p>\n<p>En la celebraci\u00f3 del nostre 50 aniversari, fruit d\u2019una acurada an\u00e0lisi de les diferents representacions de l\u2019esbart, presentem una recopilaci\u00f3 de danses, pr\u00f2pies d\u2019una forma de recrear i interpretar.<\/p>\n<p>\u00c9s un espectacle que mostra la fina l\u00ednia de la nostra hist\u00f2ria, marcada per l\u2019esfor\u00e7, la creativitat, el rigor del grup i de les persones que ens han ajudat a fer realitat el projecte art\u00edstic, i que finalitza amb la dansa \u201cLa Maresma\u201d, el darrer treball de recerca i muntatge, senyal del dinamisme d\u2019un grup en constant formaci\u00f3.<\/p>\n<p>Tot plegat, una recapitulaci\u00f3 que ens permet presentar la nostra mem\u00f2ria per mitj\u00e0 de les danses que hem interpretat i estimat durant el trajecte fins a l\u2019actualitat, despr\u00e9s de 50 anys de treball continuat, una realitat que encara s\u2019est\u00e0 forjant.<\/p>\n<\/div><\/div><\/div><\/div><div id=\"pg-360-1\"  class=\"panel-grid panel-no-style\" ><div id=\"pgc-360-1-0\"  class=\"panel-grid-cell\" ><div id=\"panel-360-1-0-0\" class=\"so-panel widget widget_black-studio-tinymce widget_black_studio_tinymce panel-first-child panel-last-child\" data-index=\"1\" ><div class=\"textwidget\"><p><!-- index.php -->\n<div\n\tclass=\"ngg-galleryoverview ngg-ajax-pagination-none\"\n\tid=\"ngg-gallery-694-1\">\n\n    \t\t<!-- Thumbnails -->\n\t\t\t\t<div id=\"ngg-image-0\" class=\"ngg-gallery-thumbnail-box\" >\n\t\t\t\t        <div class=\"ngg-gallery-thumbnail\">\n            <a href=\"https:\/\/esbartciutatcomtal.cat\/wp-content\/gallery\/sintesi\/2009-06-26-311-Assaig-General-de-S%C3%ADntesi.jpg\"\n               title=\"\"\n               data-src=\"https:\/\/esbartciutatcomtal.cat\/wp-content\/gallery\/sintesi\/2009-06-26-311-Assaig-General-de-S%C3%ADntesi.jpg\"\n               data-thumbnail=\"https:\/\/esbartciutatcomtal.cat\/wp-content\/gallery\/sintesi\/thumbs\/thumbs_2009-06-26-311-Assaig-General-de-S%C3%ADntesi.jpg\"\n               data-image-id=\"37\"\n               data-title=\"2009-06-26 - 311 -Assaig General de S\u00edntesi.jpg\"\n               data-description=\"\"\n               data-image-slug=\"2009-06-26-311-assaig-general-de-s%c3%adntesi-jpg\"\n               class=\"ngg-fancybox\" rel=\"694\">\n                <img\n                    title=\"2009-06-26 - 311 -Assaig General de S\u00edntesi.jpg\"\n                    alt=\"2009-06-26 - 311 -Assaig General de S\u00edntesi.jpg\"\n                    src=\"https:\/\/esbartciutatcomtal.cat\/wp-content\/gallery\/sintesi\/thumbs\/thumbs_2009-06-26-311-Assaig-General-de-S%C3%ADntesi.jpg\"\n                    width=\"200\"\n                    height=\"200\"\n                    style=\"max-width:100%;\"\n                \/>\n            <\/a>\n        <\/div>\n\t\t\t\t\t\t\t<\/div> \n\t\t\t\n        \n\t\t\t\t<div id=\"ngg-image-1\" class=\"ngg-gallery-thumbnail-box\" >\n\t\t\t\t        <div class=\"ngg-gallery-thumbnail\">\n            <a href=\"https:\/\/esbartciutatcomtal.cat\/wp-content\/gallery\/sintesi\/2009-06-27-006-S%C3%ADntesi-Ovidi-Montllor-Tarda.jpg\"\n               title=\"\"\n               data-src=\"https:\/\/esbartciutatcomtal.cat\/wp-content\/gallery\/sintesi\/2009-06-27-006-S%C3%ADntesi-Ovidi-Montllor-Tarda.jpg\"\n               data-thumbnail=\"https:\/\/esbartciutatcomtal.cat\/wp-content\/gallery\/sintesi\/thumbs\/thumbs_2009-06-27-006-S%C3%ADntesi-Ovidi-Montllor-Tarda.jpg\"\n               data-image-id=\"38\"\n               data-title=\"2009-06-27 - 006 -S\u00edntesi Ovidi Montllor Tarda.jpg\"\n               data-description=\"\"\n               data-image-slug=\"2009-06-27-006-s%c3%adntesi-ovidi-montllor-tarda-jpg-1\"\n               class=\"ngg-fancybox\" rel=\"694\">\n                <img\n                    title=\"2009-06-27 - 006 -S\u00edntesi Ovidi Montllor Tarda.jpg\"\n                    alt=\"2009-06-27 - 006 -S\u00edntesi Ovidi Montllor Tarda.jpg\"\n                    src=\"https:\/\/esbartciutatcomtal.cat\/wp-content\/gallery\/sintesi\/thumbs\/thumbs_2009-06-27-006-S%C3%ADntesi-Ovidi-Montllor-Tarda.jpg\"\n                    width=\"200\"\n                    height=\"200\"\n                    style=\"max-width:100%;\"\n                \/>\n            <\/a>\n        <\/div>\n\t\t\t\t\t\t\t<\/div> \n\t\t\t\n        \n\t\t\t\t<div id=\"ngg-image-2\" class=\"ngg-gallery-thumbnail-box\" >\n\t\t\t\t        <div class=\"ngg-gallery-thumbnail\">\n            <a href=\"https:\/\/esbartciutatcomtal.cat\/wp-content\/gallery\/sintesi\/2009-06-27-088-S%C3%ADntesi-Ovidi-Montllor-Tarda.JPG\"\n               title=\"\"\n               data-src=\"https:\/\/esbartciutatcomtal.cat\/wp-content\/gallery\/sintesi\/2009-06-27-088-S%C3%ADntesi-Ovidi-Montllor-Tarda.JPG\"\n               data-thumbnail=\"https:\/\/esbartciutatcomtal.cat\/wp-content\/gallery\/sintesi\/thumbs\/thumbs_2009-06-27-088-S%C3%ADntesi-Ovidi-Montllor-Tarda.JPG\"\n               data-image-id=\"39\"\n               data-title=\"2009-06-27 - 088 -S\u00edntesi Ovidi Montllor Tarda.JPG\"\n               data-description=\"\"\n               data-image-slug=\"2009-06-27-088-s%c3%adntesi-ovidi-montllor-tarda-jpg-1\"\n               class=\"ngg-fancybox\" rel=\"694\">\n                <img\n                    title=\"2009-06-27 - 088 -S\u00edntesi Ovidi Montllor Tarda.JPG\"\n                    alt=\"2009-06-27 - 088 -S\u00edntesi Ovidi Montllor Tarda.JPG\"\n                    src=\"https:\/\/esbartciutatcomtal.cat\/wp-content\/gallery\/sintesi\/thumbs\/thumbs_2009-06-27-088-S%C3%ADntesi-Ovidi-Montllor-Tarda.JPG\"\n                    width=\"200\"\n                    height=\"200\"\n                    style=\"max-width:100%;\"\n                \/>\n            <\/a>\n        <\/div>\n\t\t\t\t\t\t\t<\/div> \n\t\t\t\n        \n\t\t\t\t<div id=\"ngg-image-3\" class=\"ngg-gallery-thumbnail-box\" >\n\t\t\t\t        <div class=\"ngg-gallery-thumbnail\">\n            <a href=\"https:\/\/esbartciutatcomtal.cat\/wp-content\/gallery\/sintesi\/2009-06-27-103-S%C3%ADntesi-Ovidi-Montllor-Tarda.jpg\"\n               title=\"\"\n               data-src=\"https:\/\/esbartciutatcomtal.cat\/wp-content\/gallery\/sintesi\/2009-06-27-103-S%C3%ADntesi-Ovidi-Montllor-Tarda.jpg\"\n               data-thumbnail=\"https:\/\/esbartciutatcomtal.cat\/wp-content\/gallery\/sintesi\/thumbs\/thumbs_2009-06-27-103-S%C3%ADntesi-Ovidi-Montllor-Tarda.jpg\"\n               data-image-id=\"40\"\n               data-title=\"2009-06-27 - 103 -S\u00edntesi Ovidi Montllor Tarda.jpg\"\n               data-description=\"\"\n               data-image-slug=\"2009-06-27-103-s%c3%adntesi-ovidi-montllor-tarda-jpg-1\"\n               class=\"ngg-fancybox\" rel=\"694\">\n                <img\n                    title=\"2009-06-27 - 103 -S\u00edntesi Ovidi Montllor Tarda.jpg\"\n                    alt=\"2009-06-27 - 103 -S\u00edntesi Ovidi Montllor Tarda.jpg\"\n                    src=\"https:\/\/esbartciutatcomtal.cat\/wp-content\/gallery\/sintesi\/thumbs\/thumbs_2009-06-27-103-S%C3%ADntesi-Ovidi-Montllor-Tarda.jpg\"\n                    width=\"200\"\n                    height=\"200\"\n                    style=\"max-width:100%;\"\n                \/>\n            <\/a>\n        <\/div>\n\t\t\t\t\t\t\t<\/div> \n\t\t\t\n        \n\t\t\t\t<div id=\"ngg-image-4\" class=\"ngg-gallery-thumbnail-box\" >\n\t\t\t\t        <div class=\"ngg-gallery-thumbnail\">\n            <a href=\"https:\/\/esbartciutatcomtal.cat\/wp-content\/gallery\/sintesi\/2009-06-27-145-S%C3%ADntesi-Ovidi-Montllor-Tarda.jpg\"\n               title=\"\"\n               data-src=\"https:\/\/esbartciutatcomtal.cat\/wp-content\/gallery\/sintesi\/2009-06-27-145-S%C3%ADntesi-Ovidi-Montllor-Tarda.jpg\"\n               data-thumbnail=\"https:\/\/esbartciutatcomtal.cat\/wp-content\/gallery\/sintesi\/thumbs\/thumbs_2009-06-27-145-S%C3%ADntesi-Ovidi-Montllor-Tarda.jpg\"\n               data-image-id=\"41\"\n               data-title=\"2009-06-27 - 145 -S\u00edntesi Ovidi Montllor Tarda.jpg\"\n               data-description=\"\"\n               data-image-slug=\"2009-06-27-145-s%c3%adntesi-ovidi-montllor-tarda-jpg-1\"\n               class=\"ngg-fancybox\" rel=\"694\">\n                <img\n                    title=\"2009-06-27 - 145 -S\u00edntesi Ovidi Montllor Tarda.jpg\"\n                    alt=\"2009-06-27 - 145 -S\u00edntesi Ovidi Montllor Tarda.jpg\"\n                    src=\"https:\/\/esbartciutatcomtal.cat\/wp-content\/gallery\/sintesi\/thumbs\/thumbs_2009-06-27-145-S%C3%ADntesi-Ovidi-Montllor-Tarda.jpg\"\n                    width=\"200\"\n                    height=\"200\"\n                    style=\"max-width:100%;\"\n                \/>\n            <\/a>\n        <\/div>\n\t\t\t\t\t\t\t<\/div> \n\t\t\t\n        \n\t\t\t\t<div id=\"ngg-image-5\" class=\"ngg-gallery-thumbnail-box\" >\n\t\t\t\t        <div class=\"ngg-gallery-thumbnail\">\n            <a href=\"https:\/\/esbartciutatcomtal.cat\/wp-content\/gallery\/sintesi\/2009-06-27-260-S%C3%ADntesi-Ovidi-Montllor-Tarda.jpg\"\n               title=\"\"\n               data-src=\"https:\/\/esbartciutatcomtal.cat\/wp-content\/gallery\/sintesi\/2009-06-27-260-S%C3%ADntesi-Ovidi-Montllor-Tarda.jpg\"\n               data-thumbnail=\"https:\/\/esbartciutatcomtal.cat\/wp-content\/gallery\/sintesi\/thumbs\/thumbs_2009-06-27-260-S%C3%ADntesi-Ovidi-Montllor-Tarda.jpg\"\n               data-image-id=\"42\"\n               data-title=\"2009-06-27 - 260 -S\u00edntesi Ovidi Montllor Tarda.jpg\"\n               data-description=\"\"\n               data-image-slug=\"2009-06-27-260-s%c3%adntesi-ovidi-montllor-tarda-jpg-1\"\n               class=\"ngg-fancybox\" rel=\"694\">\n                <img\n                    title=\"2009-06-27 - 260 -S\u00edntesi Ovidi Montllor Tarda.jpg\"\n                    alt=\"2009-06-27 - 260 -S\u00edntesi Ovidi Montllor Tarda.jpg\"\n                    src=\"https:\/\/esbartciutatcomtal.cat\/wp-content\/gallery\/sintesi\/thumbs\/thumbs_2009-06-27-260-S%C3%ADntesi-Ovidi-Montllor-Tarda.jpg\"\n                    width=\"200\"\n                    height=\"200\"\n                    style=\"max-width:100%;\"\n                \/>\n            <\/a>\n        <\/div>\n\t\t\t\t\t\t\t<\/div> \n\t\t\t\n        \n\t\t\t\t<div id=\"ngg-image-6\" class=\"ngg-gallery-thumbnail-box\" >\n\t\t\t\t        <div class=\"ngg-gallery-thumbnail\">\n            <a href=\"https:\/\/esbartciutatcomtal.cat\/wp-content\/gallery\/sintesi\/2009-06-27-418-S%C3%ADntesi-Ovidi-Montllor-Tarda.JPG\"\n               title=\"\"\n               data-src=\"https:\/\/esbartciutatcomtal.cat\/wp-content\/gallery\/sintesi\/2009-06-27-418-S%C3%ADntesi-Ovidi-Montllor-Tarda.JPG\"\n               data-thumbnail=\"https:\/\/esbartciutatcomtal.cat\/wp-content\/gallery\/sintesi\/thumbs\/thumbs_2009-06-27-418-S%C3%ADntesi-Ovidi-Montllor-Tarda.JPG\"\n               data-image-id=\"43\"\n               data-title=\"2009-06-27 - 418 -S\u00edntesi Ovidi Montllor Tarda.JPG\"\n               data-description=\"\"\n               data-image-slug=\"2009-06-27-418-s%c3%adntesi-ovidi-montllor-tarda-jpg-1\"\n               class=\"ngg-fancybox\" rel=\"694\">\n                <img\n                    title=\"2009-06-27 - 418 -S\u00edntesi Ovidi Montllor Tarda.JPG\"\n                    alt=\"2009-06-27 - 418 -S\u00edntesi Ovidi Montllor Tarda.JPG\"\n                    src=\"https:\/\/esbartciutatcomtal.cat\/wp-content\/gallery\/sintesi\/thumbs\/thumbs_2009-06-27-418-S%C3%ADntesi-Ovidi-Montllor-Tarda.JPG\"\n                    width=\"200\"\n                    height=\"200\"\n                    style=\"max-width:100%;\"\n                \/>\n            <\/a>\n        <\/div>\n\t\t\t\t\t\t\t<\/div> \n\t\t\t\n        \n\t\t\t\t<div id=\"ngg-image-7\" class=\"ngg-gallery-thumbnail-box\" >\n\t\t\t\t        <div class=\"ngg-gallery-thumbnail\">\n            <a href=\"https:\/\/esbartciutatcomtal.cat\/wp-content\/gallery\/sintesi\/2009-06-27-702-S%C3%ADntesi-Ovidi-Montllor-Nit.jpg\"\n               title=\"\"\n               data-src=\"https:\/\/esbartciutatcomtal.cat\/wp-content\/gallery\/sintesi\/2009-06-27-702-S%C3%ADntesi-Ovidi-Montllor-Nit.jpg\"\n               data-thumbnail=\"https:\/\/esbartciutatcomtal.cat\/wp-content\/gallery\/sintesi\/thumbs\/thumbs_2009-06-27-702-S%C3%ADntesi-Ovidi-Montllor-Nit.jpg\"\n               data-image-id=\"44\"\n               data-title=\"2009-06-27 - 702 -S\u00edntesi Ovidi Montllor Nit.jpg\"\n               data-description=\"\"\n               data-image-slug=\"2009-06-27-702-s%c3%adntesi-ovidi-montllor-nit-jpg-1\"\n               class=\"ngg-fancybox\" rel=\"694\">\n                <img\n                    title=\"2009-06-27 - 702 -S\u00edntesi Ovidi Montllor Nit.jpg\"\n                    alt=\"2009-06-27 - 702 -S\u00edntesi Ovidi Montllor Nit.jpg\"\n                    src=\"https:\/\/esbartciutatcomtal.cat\/wp-content\/gallery\/sintesi\/thumbs\/thumbs_2009-06-27-702-S%C3%ADntesi-Ovidi-Montllor-Nit.jpg\"\n                    width=\"200\"\n                    height=\"200\"\n                    style=\"max-width:100%;\"\n                \/>\n            <\/a>\n        <\/div>\n\t\t\t\t\t\t\t<\/div> \n\t\t\t\n        \n\t\t\t\t<div id=\"ngg-image-8\" class=\"ngg-gallery-thumbnail-box\" >\n\t\t\t\t        <div class=\"ngg-gallery-thumbnail\">\n            <a href=\"https:\/\/esbartciutatcomtal.cat\/wp-content\/gallery\/sintesi\/2009-06-28-057-S%C3%ADntesi-Ovidi-Montllor.jpg\"\n               title=\"\"\n               data-src=\"https:\/\/esbartciutatcomtal.cat\/wp-content\/gallery\/sintesi\/2009-06-28-057-S%C3%ADntesi-Ovidi-Montllor.jpg\"\n               data-thumbnail=\"https:\/\/esbartciutatcomtal.cat\/wp-content\/gallery\/sintesi\/thumbs\/thumbs_2009-06-28-057-S%C3%ADntesi-Ovidi-Montllor.jpg\"\n               data-image-id=\"45\"\n               data-title=\"2009-06-28 - 057 -S\u00edntesi Ovidi Montllor.jpg\"\n               data-description=\"\"\n               data-image-slug=\"2009-06-28-057-s%c3%adntesi-ovidi-montllor-jpg-1\"\n               class=\"ngg-fancybox\" rel=\"694\">\n                <img\n                    title=\"2009-06-28 - 057 -S\u00edntesi Ovidi Montllor.jpg\"\n                    alt=\"2009-06-28 - 057 -S\u00edntesi Ovidi Montllor.jpg\"\n                    src=\"https:\/\/esbartciutatcomtal.cat\/wp-content\/gallery\/sintesi\/thumbs\/thumbs_2009-06-28-057-S%C3%ADntesi-Ovidi-Montllor.jpg\"\n                    width=\"200\"\n                    height=\"200\"\n                    style=\"max-width:100%;\"\n                \/>\n            <\/a>\n        <\/div>\n\t\t\t\t\t\t\t<\/div> \n\t\t\t\n        \n\t\t\n\t\t<!-- Pagination -->\n\t<div class='ngg-clear'><\/div>\t<\/div>\n<\/p>\n<\/div><\/div><\/div><\/div><\/div>","protected":false},"excerpt":{"rendered":"<p>En la celebraci\u00f3 del nostre 50 aniversari, fruit d\u2019una acurada an\u00e0lisi de les diferents representacions de l\u2019esbart, presentem una recopilaci\u00f3 de danses, pr\u00f2pies d\u2019una forma de recrear i interpretar. \u00c9s un espectacle que mostra la fina l\u00ednia de la nostra hist\u00f2ria, marcada per l\u2019esfor\u00e7, la creativitat, el rigor del grup i de les persones que [&hellip;]<\/p>\n","protected":false},"author":1,"featured_media":0,"parent":58,"menu_order":0,"comment_status":"closed","ping_status":"closed","template":"","meta":{"ngg_post_thumbnail":0},"yoast_head":"<!-- This site is optimized with the Yoast SEO plugin v17.6 - https:\/\/yoast.com\/wordpress\/plugins\/seo\/ -->\n<title>S\u00edntesi - Esbart Ciutat Comtal<\/title>\n<meta name=\"robots\" content=\"index, follow, max-snippet:-1, max-image-preview:large, max-video-preview:-1\" \/>\n<link rel=\"canonical\" href=\"https:\/\/esbartciutatcomtal.cat\/index.php\/espectacles\/sintesi\/\" \/>\n<meta property=\"og:locale\" content=\"ca_ES\" \/>\n<meta property=\"og:type\" content=\"article\" \/>\n<meta property=\"og:title\" content=\"S\u00edntesi - Esbart Ciutat Comtal\" \/>\n<meta property=\"og:description\" content=\"En la celebraci\u00f3 del nostre 50 aniversari, fruit d\u2019una acurada an\u00e0lisi de les diferents representacions de l\u2019esbart, presentem una recopilaci\u00f3 de danses, pr\u00f2pies d\u2019una forma de recrear i interpretar. \u00c9s un espectacle que mostra la fina l\u00ednia de la nostra hist\u00f2ria, marcada per l\u2019esfor\u00e7, la creativitat, el rigor del grup i de les persones que [&hellip;]\" \/>\n<meta property=\"og:url\" content=\"https:\/\/esbartciutatcomtal.cat\/index.php\/espectacles\/sintesi\/\" \/>\n<meta property=\"og:site_name\" content=\"Esbart Ciutat Comtal\" \/>\n<meta property=\"article:publisher\" content=\"https:\/\/www.facebook.com\/esbartciutatcomtal\/\" \/>\n<meta property=\"article:modified_time\" content=\"2015-05-11T19:48:07+00:00\" \/>\n<meta property=\"og:image\" content=\"http:\/\/esbartciutatcomtal.cat\/index.php\/nextgen-attach_to_post\/preview\/id--694\" \/>\n<meta name=\"twitter:card\" content=\"summary\" \/>\n<meta name=\"twitter:site\" content=\"@esbartciutatcom\" \/>\n<meta name=\"twitter:label1\" content=\"Temps estimat de lectura\" \/>\n\t<meta name=\"twitter:data1\" content=\"1 minut\" \/>\n<script type=\"application\/ld+json\" class=\"yoast-schema-graph\">{\"@context\":\"https:\/\/schema.org\",\"@graph\":[{\"@type\":\"Organization\",\"@id\":\"https:\/\/esbartciutatcomtal.cat\/#organization\",\"name\":\"Esbart Ciutat Comtal\",\"url\":\"https:\/\/esbartciutatcomtal.cat\/\",\"sameAs\":[\"https:\/\/www.facebook.com\/esbartciutatcomtal\/\",\"https:\/\/www.instagram.com\/esbartciutatcom\/\",\"https:\/\/www.youtube.com\/user\/eciutatcomtal\",\"https:\/\/twitter.com\/esbartciutatcom\"],\"logo\":{\"@type\":\"ImageObject\",\"@id\":\"https:\/\/esbartciutatcomtal.cat\/#logo\",\"inLanguage\":\"ca\",\"url\":\"https:\/\/esbartciutatcomtal.cat\/wp-content\/uploads\/2015\/05\/ECClogo.png\",\"contentUrl\":\"https:\/\/esbartciutatcomtal.cat\/wp-content\/uploads\/2015\/05\/ECClogo.png\",\"width\":300,\"height\":125,\"caption\":\"Esbart Ciutat Comtal\"},\"image\":{\"@id\":\"https:\/\/esbartciutatcomtal.cat\/#logo\"}},{\"@type\":\"WebSite\",\"@id\":\"https:\/\/esbartciutatcomtal.cat\/#website\",\"url\":\"https:\/\/esbartciutatcomtal.cat\/\",\"name\":\"Esbart Ciutat Comtal\",\"description\":\"\",\"publisher\":{\"@id\":\"https:\/\/esbartciutatcomtal.cat\/#organization\"},\"potentialAction\":[{\"@type\":\"SearchAction\",\"target\":{\"@type\":\"EntryPoint\",\"urlTemplate\":\"https:\/\/esbartciutatcomtal.cat\/?s={search_term_string}\"},\"query-input\":\"required name=search_term_string\"}],\"inLanguage\":\"ca\"},{\"@type\":\"ImageObject\",\"@id\":\"https:\/\/esbartciutatcomtal.cat\/index.php\/espectacles\/sintesi\/#primaryimage\",\"inLanguage\":\"ca\",\"url\":\"http:\/\/esbartciutatcomtal.cat\/index.php\/nextgen-attach_to_post\/preview\/id--694\",\"contentUrl\":\"http:\/\/esbartciutatcomtal.cat\/index.php\/nextgen-attach_to_post\/preview\/id--694\"},{\"@type\":\"WebPage\",\"@id\":\"https:\/\/esbartciutatcomtal.cat\/index.php\/espectacles\/sintesi\/#webpage\",\"url\":\"https:\/\/esbartciutatcomtal.cat\/index.php\/espectacles\/sintesi\/\",\"name\":\"S\\u00edntesi - Esbart Ciutat Comtal\",\"isPartOf\":{\"@id\":\"https:\/\/esbartciutatcomtal.cat\/#website\"},\"primaryImageOfPage\":{\"@id\":\"https:\/\/esbartciutatcomtal.cat\/index.php\/espectacles\/sintesi\/#primaryimage\"},\"datePublished\":\"2015-03-05T14:20:08+00:00\",\"dateModified\":\"2015-05-11T19:48:07+00:00\",\"breadcrumb\":{\"@id\":\"https:\/\/esbartciutatcomtal.cat\/index.php\/espectacles\/sintesi\/#breadcrumb\"},\"inLanguage\":\"ca\",\"potentialAction\":[{\"@type\":\"ReadAction\",\"target\":[\"https:\/\/esbartciutatcomtal.cat\/index.php\/espectacles\/sintesi\/\"]}]},{\"@type\":\"BreadcrumbList\",\"@id\":\"https:\/\/esbartciutatcomtal.cat\/index.php\/espectacles\/sintesi\/#breadcrumb\",\"itemListElement\":[{\"@type\":\"ListItem\",\"position\":1,\"name\":\"Inici\",\"item\":\"https:\/\/esbartciutatcomtal.cat\/\"},{\"@type\":\"ListItem\",\"position\":2,\"name\":\"Espectacles\",\"item\":\"https:\/\/esbartciutatcomtal.cat\/index.php\/espectacles\/\"},{\"@type\":\"ListItem\",\"position\":3,\"name\":\"S\\u00edntesi\"}]}]}<\/script>\n<!-- \/ Yoast SEO plugin. -->","yoast_head_json":{"title":"S\u00edntesi - Esbart Ciutat Comtal","robots":{"index":"index","follow":"follow","max-snippet":"max-snippet:-1","max-image-preview":"max-image-preview:large","max-video-preview":"max-video-preview:-1"},"canonical":"https:\/\/esbartciutatcomtal.cat\/index.php\/espectacles\/sintesi\/","og_locale":"ca_ES","og_type":"article","og_title":"S\u00edntesi - Esbart Ciutat Comtal","og_description":"En la celebraci\u00f3 del nostre 50 aniversari, fruit d\u2019una acurada an\u00e0lisi de les diferents representacions de l\u2019esbart, presentem una recopilaci\u00f3 de danses, pr\u00f2pies d\u2019una forma de recrear i interpretar. \u00c9s un espectacle que mostra la fina l\u00ednia de la nostra hist\u00f2ria, marcada per l\u2019esfor\u00e7, la creativitat, el rigor del grup i de les persones que [&hellip;]","og_url":"https:\/\/esbartciutatcomtal.cat\/index.php\/espectacles\/sintesi\/","og_site_name":"Esbart Ciutat Comtal","article_publisher":"https:\/\/www.facebook.com\/esbartciutatcomtal\/","article_modified_time":"2015-05-11T19:48:07+00:00","og_image":[{"url":"http:\/\/esbartciutatcomtal.cat\/index.php\/nextgen-attach_to_post\/preview\/id--694"}],"twitter_card":"summary","twitter_site":"@esbartciutatcom","twitter_misc":{"Temps estimat de lectura":"1 minut"},"schema":{"@context":"https:\/\/schema.org","@graph":[{"@type":"Organization","@id":"https:\/\/esbartciutatcomtal.cat\/#organization","name":"Esbart Ciutat Comtal","url":"https:\/\/esbartciutatcomtal.cat\/","sameAs":["https:\/\/www.facebook.com\/esbartciutatcomtal\/","https:\/\/www.instagram.com\/esbartciutatcom\/","https:\/\/www.youtube.com\/user\/eciutatcomtal","https:\/\/twitter.com\/esbartciutatcom"],"logo":{"@type":"ImageObject","@id":"https:\/\/esbartciutatcomtal.cat\/#logo","inLanguage":"ca","url":"https:\/\/esbartciutatcomtal.cat\/wp-content\/uploads\/2015\/05\/ECClogo.png","contentUrl":"https:\/\/esbartciutatcomtal.cat\/wp-content\/uploads\/2015\/05\/ECClogo.png","width":300,"height":125,"caption":"Esbart Ciutat Comtal"},"image":{"@id":"https:\/\/esbartciutatcomtal.cat\/#logo"}},{"@type":"WebSite","@id":"https:\/\/esbartciutatcomtal.cat\/#website","url":"https:\/\/esbartciutatcomtal.cat\/","name":"Esbart Ciutat Comtal","description":"","publisher":{"@id":"https:\/\/esbartciutatcomtal.cat\/#organization"},"potentialAction":[{"@type":"SearchAction","target":{"@type":"EntryPoint","urlTemplate":"https:\/\/esbartciutatcomtal.cat\/?s={search_term_string}"},"query-input":"required name=search_term_string"}],"inLanguage":"ca"},{"@type":"ImageObject","@id":"https:\/\/esbartciutatcomtal.cat\/index.php\/espectacles\/sintesi\/#primaryimage","inLanguage":"ca","url":"http:\/\/esbartciutatcomtal.cat\/index.php\/nextgen-attach_to_post\/preview\/id--694","contentUrl":"http:\/\/esbartciutatcomtal.cat\/index.php\/nextgen-attach_to_post\/preview\/id--694"},{"@type":"WebPage","@id":"https:\/\/esbartciutatcomtal.cat\/index.php\/espectacles\/sintesi\/#webpage","url":"https:\/\/esbartciutatcomtal.cat\/index.php\/espectacles\/sintesi\/","name":"S\u00edntesi - Esbart Ciutat Comtal","isPartOf":{"@id":"https:\/\/esbartciutatcomtal.cat\/#website"},"primaryImageOfPage":{"@id":"https:\/\/esbartciutatcomtal.cat\/index.php\/espectacles\/sintesi\/#primaryimage"},"datePublished":"2015-03-05T14:20:08+00:00","dateModified":"2015-05-11T19:48:07+00:00","breadcrumb":{"@id":"https:\/\/esbartciutatcomtal.cat\/index.php\/espectacles\/sintesi\/#breadcrumb"},"inLanguage":"ca","potentialAction":[{"@type":"ReadAction","target":["https:\/\/esbartciutatcomtal.cat\/index.php\/espectacles\/sintesi\/"]}]},{"@type":"BreadcrumbList","@id":"https:\/\/esbartciutatcomtal.cat\/index.php\/espectacles\/sintesi\/#breadcrumb","itemListElement":[{"@type":"ListItem","position":1,"name":"Inici","item":"https:\/\/esbartciutatcomtal.cat\/"},{"@type":"ListItem","position":2,"name":"Espectacles","item":"https:\/\/esbartciutatcomtal.cat\/index.php\/espectacles\/"},{"@type":"ListItem","position":3,"name":"S\u00edntesi"}]}]}},"_links":{"self":[{"href":"https:\/\/esbartciutatcomtal.cat\/index.php\/wp-json\/wp\/v2\/pages\/360"}],"collection":[{"href":"https:\/\/esbartciutatcomtal.cat\/index.php\/wp-json\/wp\/v2\/pages"}],"about":[{"href":"https:\/\/esbartciutatcomtal.cat\/index.php\/wp-json\/wp\/v2\/types\/page"}],"author":[{"embeddable":true,"href":"https:\/\/esbartciutatcomtal.cat\/index.php\/wp-json\/wp\/v2\/users\/1"}],"replies":[{"embeddable":true,"href":"https:\/\/esbartciutatcomtal.cat\/index.php\/wp-json\/wp\/v2\/comments?post=360"}],"version-history":[{"count":2,"href":"https:\/\/esbartciutatcomtal.cat\/index.php\/wp-json\/wp\/v2\/pages\/360\/revisions"}],"predecessor-version":[{"id":696,"href":"https:\/\/esbartciutatcomtal.cat\/index.php\/wp-json\/wp\/v2\/pages\/360\/revisions\/696"}],"up":[{"embeddable":true,"href":"https:\/\/esbartciutatcomtal.cat\/index.php\/wp-json\/wp\/v2\/pages\/58"}],"wp:attachment":[{"href":"https:\/\/esbartciutatcomtal.cat\/index.php\/wp-json\/wp\/v2\/media?parent=360"}],"curies":[{"name":"wp","href":"https:\/\/api.w.org\/{rel}","templated":true}]}}