{"id":362,"date":"2015-03-05T15:21:29","date_gmt":"2015-03-05T14:21:29","guid":{"rendered":"http:\/\/2578314-0.web-hosting.es\/?page_id=362"},"modified":"2015-05-11T22:03:57","modified_gmt":"2015-05-11T20:03:57","slug":"tradicions-en-dansa","status":"publish","type":"page","link":"https:\/\/esbartciutatcomtal.cat\/index.php\/espectacles\/tradicions-en-dansa\/","title":{"rendered":"Tradicions en Dansa"},"content":{"rendered":"<div id=\"pl-362\"  class=\"panel-layout\" ><div id=\"pg-362-0\"  class=\"panel-grid panel-no-style\" ><div id=\"pgc-362-0-0\"  class=\"panel-grid-cell\" ><div id=\"panel-362-0-0-0\" class=\"so-panel widget widget_black-studio-tinymce widget_black_studio_tinymce panel-first-child panel-last-child\" data-index=\"0\" ><div class=\"textwidget\"><p class=\"alignright\"><iframe src=\"https:\/\/www.youtube.com\/embed\/mmBvXVFQ4bU\" width=\"450\" height=\"320\" frameborder=\"0\" allowfullscreen=\"allowfullscreen\"><\/iframe><\/p>\n<p>Tradicions en dansa \u00e9s un espectacle que, tot i estar compost de coreografies i arranjaments populars, ens remet a les nostres arrels m\u00e9s folkl\u00f2riques.<\/p>\n<p>Estructurat en dues parts, la primera formada per diverses danses, i la segona<br \/>\nformada per un ball costumista o un ball argumentat, no est\u00e0 subjecte a un format \u00fanic i es pot adaptar la seva durada a les necessitats del contractant.<\/p>\n<p>D'entre uns divuit arranjaments coreogr\u00e0fics de danses populars i tradicionals us presentem una proposta del que podria ser l'espectacle.<\/p>\n<p>Descarrega\u2019t el dossier de l\u2019espectacle per saber-ne m\u00e9s! <\/p>\n<\/div><\/div><\/div><\/div><div id=\"pg-362-1\"  class=\"panel-grid panel-no-style\" ><div id=\"pgc-362-1-0\"  class=\"panel-grid-cell\" ><div id=\"panel-362-1-0-0\" class=\"so-panel widget widget_black-studio-tinymce widget_black_studio_tinymce panel-first-child panel-last-child\" data-index=\"1\" ><div class=\"textwidget\"><p><!-- index.php -->\n<div\n\tclass=\"ngg-galleryoverview ngg-ajax-pagination-none\"\n\tid=\"ngg-gallery-711-1\">\n\n    \t\t<!-- Thumbnails -->\n\t\t\t\t<div id=\"ngg-image-0\" class=\"ngg-gallery-thumbnail-box\" >\n\t\t\t\t        <div class=\"ngg-gallery-thumbnail\">\n            <a href=\"https:\/\/esbartciutatcomtal.cat\/wp-content\/gallery\/tradicionsendansa\/2009-06-28-054-S%C3%ADntesi-Ovidi-Montllor.jpg\"\n               title=\"\"\n               data-src=\"https:\/\/esbartciutatcomtal.cat\/wp-content\/gallery\/tradicionsendansa\/2009-06-28-054-S%C3%ADntesi-Ovidi-Montllor.jpg\"\n               data-thumbnail=\"https:\/\/esbartciutatcomtal.cat\/wp-content\/gallery\/tradicionsendansa\/thumbs\/thumbs_2009-06-28-054-S%C3%ADntesi-Ovidi-Montllor.jpg\"\n               data-image-id=\"46\"\n               data-title=\"2009-06-28 - 054 -S\u00edntesi Ovidi Montllor.jpg\"\n               data-description=\"\"\n               data-image-slug=\"2009-06-28-054-s%c3%adntesi-ovidi-montllor-jpg\"\n               class=\"ngg-fancybox\" rel=\"711\">\n                <img\n                    title=\"2009-06-28 - 054 -S\u00edntesi Ovidi Montllor.jpg\"\n                    alt=\"2009-06-28 - 054 -S\u00edntesi Ovidi Montllor.jpg\"\n                    src=\"https:\/\/esbartciutatcomtal.cat\/wp-content\/gallery\/tradicionsendansa\/thumbs\/thumbs_2009-06-28-054-S%C3%ADntesi-Ovidi-Montllor.jpg\"\n                    width=\"200\"\n                    height=\"200\"\n                    style=\"max-width:100%;\"\n                \/>\n            <\/a>\n        <\/div>\n\t\t\t\t\t\t\t<\/div> \n\t\t\t\n        \n\t\t\t\t<div id=\"ngg-image-1\" class=\"ngg-gallery-thumbnail-box\" >\n\t\t\t\t        <div class=\"ngg-gallery-thumbnail\">\n            <a href=\"https:\/\/esbartciutatcomtal.cat\/wp-content\/gallery\/tradicionsendansa\/2009-06-28-221-S%C3%ADntesi-Ovidi-Montllor.jpg\"\n               title=\"\"\n               data-src=\"https:\/\/esbartciutatcomtal.cat\/wp-content\/gallery\/tradicionsendansa\/2009-06-28-221-S%C3%ADntesi-Ovidi-Montllor.jpg\"\n               data-thumbnail=\"https:\/\/esbartciutatcomtal.cat\/wp-content\/gallery\/tradicionsendansa\/thumbs\/thumbs_2009-06-28-221-S%C3%ADntesi-Ovidi-Montllor.jpg\"\n               data-image-id=\"47\"\n               data-title=\"2009-06-28 - 221 -S\u00edntesi Ovidi Montllor.jpg\"\n               data-description=\"\"\n               data-image-slug=\"2009-06-28-221-s%c3%adntesi-ovidi-montllor-jpg-1\"\n               class=\"ngg-fancybox\" rel=\"711\">\n                <img\n                    title=\"2009-06-28 - 221 -S\u00edntesi Ovidi Montllor.jpg\"\n                    alt=\"2009-06-28 - 221 -S\u00edntesi Ovidi Montllor.jpg\"\n                    src=\"https:\/\/esbartciutatcomtal.cat\/wp-content\/gallery\/tradicionsendansa\/thumbs\/thumbs_2009-06-28-221-S%C3%ADntesi-Ovidi-Montllor.jpg\"\n                    width=\"200\"\n                    height=\"200\"\n                    style=\"max-width:100%;\"\n                \/>\n            <\/a>\n        <\/div>\n\t\t\t\t\t\t\t<\/div> \n\t\t\t\n        \n\t\t\t\t<div id=\"ngg-image-2\" class=\"ngg-gallery-thumbnail-box\" >\n\t\t\t\t        <div class=\"ngg-gallery-thumbnail\">\n            <a href=\"https:\/\/esbartciutatcomtal.cat\/wp-content\/gallery\/tradicionsendansa\/2010-09-11-063-El-Prat-del-Llobregat.JPG\"\n               title=\"\"\n               data-src=\"https:\/\/esbartciutatcomtal.cat\/wp-content\/gallery\/tradicionsendansa\/2010-09-11-063-El-Prat-del-Llobregat.JPG\"\n               data-thumbnail=\"https:\/\/esbartciutatcomtal.cat\/wp-content\/gallery\/tradicionsendansa\/thumbs\/thumbs_2010-09-11-063-El-Prat-del-Llobregat.JPG\"\n               data-image-id=\"48\"\n               data-title=\"2010-09-11 - 063 -El Prat del Llobregat.JPG\"\n               data-description=\"\"\n               data-image-slug=\"2010-09-11-063-el-prat-del-llobregat-jpg\"\n               class=\"ngg-fancybox\" rel=\"711\">\n                <img\n                    title=\"2010-09-11 - 063 -El Prat del Llobregat.JPG\"\n                    alt=\"2010-09-11 - 063 -El Prat del Llobregat.JPG\"\n                    src=\"https:\/\/esbartciutatcomtal.cat\/wp-content\/gallery\/tradicionsendansa\/thumbs\/thumbs_2010-09-11-063-El-Prat-del-Llobregat.JPG\"\n                    width=\"200\"\n                    height=\"200\"\n                    style=\"max-width:100%;\"\n                \/>\n            <\/a>\n        <\/div>\n\t\t\t\t\t\t\t<\/div> \n\t\t\t\n        \n\t\t\t\t<div id=\"ngg-image-3\" class=\"ngg-gallery-thumbnail-box\" >\n\t\t\t\t        <div class=\"ngg-gallery-thumbnail\">\n            <a href=\"https:\/\/esbartciutatcomtal.cat\/wp-content\/gallery\/tradicionsendansa\/2010-09-11-086-El-Prat-del-Llobregat.JPG\"\n               title=\"\"\n               data-src=\"https:\/\/esbartciutatcomtal.cat\/wp-content\/gallery\/tradicionsendansa\/2010-09-11-086-El-Prat-del-Llobregat.JPG\"\n               data-thumbnail=\"https:\/\/esbartciutatcomtal.cat\/wp-content\/gallery\/tradicionsendansa\/thumbs\/thumbs_2010-09-11-086-El-Prat-del-Llobregat.JPG\"\n               data-image-id=\"49\"\n               data-title=\"2010-09-11 - 086 -El Prat del Llobregat.JPG\"\n               data-description=\"\"\n               data-image-slug=\"2010-09-11-086-el-prat-del-llobregat-jpg\"\n               class=\"ngg-fancybox\" rel=\"711\">\n                <img\n                    title=\"2010-09-11 - 086 -El Prat del Llobregat.JPG\"\n                    alt=\"2010-09-11 - 086 -El Prat del Llobregat.JPG\"\n                    src=\"https:\/\/esbartciutatcomtal.cat\/wp-content\/gallery\/tradicionsendansa\/thumbs\/thumbs_2010-09-11-086-El-Prat-del-Llobregat.JPG\"\n                    width=\"200\"\n                    height=\"200\"\n                    style=\"max-width:100%;\"\n                \/>\n            <\/a>\n        <\/div>\n\t\t\t\t\t\t\t<\/div> \n\t\t\t\n        \n\t\t\t\t<div id=\"ngg-image-4\" class=\"ngg-gallery-thumbnail-box\" >\n\t\t\t\t        <div class=\"ngg-gallery-thumbnail\">\n            <a href=\"https:\/\/esbartciutatcomtal.cat\/wp-content\/gallery\/tradicionsendansa\/2012-06-15-031-Font-de-la-Guatlla.JPG\"\n               title=\"\"\n               data-src=\"https:\/\/esbartciutatcomtal.cat\/wp-content\/gallery\/tradicionsendansa\/2012-06-15-031-Font-de-la-Guatlla.JPG\"\n               data-thumbnail=\"https:\/\/esbartciutatcomtal.cat\/wp-content\/gallery\/tradicionsendansa\/thumbs\/thumbs_2012-06-15-031-Font-de-la-Guatlla.JPG\"\n               data-image-id=\"50\"\n               data-title=\"2012-06-15 - 031 -Font de la Guatlla.JPG\"\n               data-description=\"\"\n               data-image-slug=\"2012-06-15-031-font-de-la-guatlla-jpg\"\n               class=\"ngg-fancybox\" rel=\"711\">\n                <img\n                    title=\"2012-06-15 - 031 -Font de la Guatlla.JPG\"\n                    alt=\"2012-06-15 - 031 -Font de la Guatlla.JPG\"\n                    src=\"https:\/\/esbartciutatcomtal.cat\/wp-content\/gallery\/tradicionsendansa\/thumbs\/thumbs_2012-06-15-031-Font-de-la-Guatlla.JPG\"\n                    width=\"200\"\n                    height=\"200\"\n                    style=\"max-width:100%;\"\n                \/>\n            <\/a>\n        <\/div>\n\t\t\t\t\t\t\t<\/div> \n\t\t\t\n        \n\t\t\t\t<div id=\"ngg-image-5\" class=\"ngg-gallery-thumbnail-box\" >\n\t\t\t\t        <div class=\"ngg-gallery-thumbnail\">\n            <a href=\"https:\/\/esbartciutatcomtal.cat\/wp-content\/gallery\/tradicionsendansa\/2013-10-13-51-Monestir-de-Pedralbes.jpg\"\n               title=\"\"\n               data-src=\"https:\/\/esbartciutatcomtal.cat\/wp-content\/gallery\/tradicionsendansa\/2013-10-13-51-Monestir-de-Pedralbes.jpg\"\n               data-thumbnail=\"https:\/\/esbartciutatcomtal.cat\/wp-content\/gallery\/tradicionsendansa\/thumbs\/thumbs_2013-10-13-51-Monestir-de-Pedralbes.jpg\"\n               data-image-id=\"51\"\n               data-title=\"2013-10-13 - 51 -Monestir de Pedralbes.jpg\"\n               data-description=\"\"\n               data-image-slug=\"2013-10-13-51-monestir-de-pedralbes-jpg\"\n               class=\"ngg-fancybox\" rel=\"711\">\n                <img\n                    title=\"2013-10-13 - 51 -Monestir de Pedralbes.jpg\"\n                    alt=\"2013-10-13 - 51 -Monestir de Pedralbes.jpg\"\n                    src=\"https:\/\/esbartciutatcomtal.cat\/wp-content\/gallery\/tradicionsendansa\/thumbs\/thumbs_2013-10-13-51-Monestir-de-Pedralbes.jpg\"\n                    width=\"200\"\n                    height=\"200\"\n                    style=\"max-width:100%;\"\n                \/>\n            <\/a>\n        <\/div>\n\t\t\t\t\t\t\t<\/div> \n\t\t\t\n        \n\t\t\t\t<div id=\"ngg-image-6\" class=\"ngg-gallery-thumbnail-box\" >\n\t\t\t\t        <div class=\"ngg-gallery-thumbnail\">\n            <a href=\"https:\/\/esbartciutatcomtal.cat\/wp-content\/gallery\/tradicionsendansa\/2013-10-13-085-Monestir-de-Pedralbes.JPG\"\n               title=\"\"\n               data-src=\"https:\/\/esbartciutatcomtal.cat\/wp-content\/gallery\/tradicionsendansa\/2013-10-13-085-Monestir-de-Pedralbes.JPG\"\n               data-thumbnail=\"https:\/\/esbartciutatcomtal.cat\/wp-content\/gallery\/tradicionsendansa\/thumbs\/thumbs_2013-10-13-085-Monestir-de-Pedralbes.JPG\"\n               data-image-id=\"52\"\n               data-title=\"2013-10-13 - 085 -Monestir de Pedralbes.JPG\"\n               data-description=\"\"\n               data-image-slug=\"2013-10-13-085-monestir-de-pedralbes-jpg\"\n               class=\"ngg-fancybox\" rel=\"711\">\n                <img\n                    title=\"2013-10-13 - 085 -Monestir de Pedralbes.JPG\"\n                    alt=\"2013-10-13 - 085 -Monestir de Pedralbes.JPG\"\n                    src=\"https:\/\/esbartciutatcomtal.cat\/wp-content\/gallery\/tradicionsendansa\/thumbs\/thumbs_2013-10-13-085-Monestir-de-Pedralbes.JPG\"\n                    width=\"200\"\n                    height=\"200\"\n                    style=\"max-width:100%;\"\n                \/>\n            <\/a>\n        <\/div>\n\t\t\t\t\t\t\t<\/div> \n\t\t\t\n        \n\t\t\t\t<div id=\"ngg-image-7\" class=\"ngg-gallery-thumbnail-box\" >\n\t\t\t\t        <div class=\"ngg-gallery-thumbnail\">\n            <a href=\"https:\/\/esbartciutatcomtal.cat\/wp-content\/gallery\/tradicionsendansa\/2013-10-13-153-Monestir-de-Pedralbes.JPG\"\n               title=\"\"\n               data-src=\"https:\/\/esbartciutatcomtal.cat\/wp-content\/gallery\/tradicionsendansa\/2013-10-13-153-Monestir-de-Pedralbes.JPG\"\n               data-thumbnail=\"https:\/\/esbartciutatcomtal.cat\/wp-content\/gallery\/tradicionsendansa\/thumbs\/thumbs_2013-10-13-153-Monestir-de-Pedralbes.JPG\"\n               data-image-id=\"53\"\n               data-title=\"2013-10-13 - 153 -Monestir de Pedralbes.JPG\"\n               data-description=\"\"\n               data-image-slug=\"2013-10-13-153-monestir-de-pedralbes-jpg\"\n               class=\"ngg-fancybox\" rel=\"711\">\n                <img\n                    title=\"2013-10-13 - 153 -Monestir de Pedralbes.JPG\"\n                    alt=\"2013-10-13 - 153 -Monestir de Pedralbes.JPG\"\n                    src=\"https:\/\/esbartciutatcomtal.cat\/wp-content\/gallery\/tradicionsendansa\/thumbs\/thumbs_2013-10-13-153-Monestir-de-Pedralbes.JPG\"\n                    width=\"200\"\n                    height=\"200\"\n                    style=\"max-width:100%;\"\n                \/>\n            <\/a>\n        <\/div>\n\t\t\t\t\t\t\t<\/div> \n\t\t\t\n        \n\t\t\t\t<div id=\"ngg-image-8\" class=\"ngg-gallery-thumbnail-box\" >\n\t\t\t\t        <div class=\"ngg-gallery-thumbnail\">\n            <a href=\"https:\/\/esbartciutatcomtal.cat\/wp-content\/gallery\/tradicionsendansa\/2013-10-13-177-Monestir-de-Pedralbes.JPG\"\n               title=\"\"\n               data-src=\"https:\/\/esbartciutatcomtal.cat\/wp-content\/gallery\/tradicionsendansa\/2013-10-13-177-Monestir-de-Pedralbes.JPG\"\n               data-thumbnail=\"https:\/\/esbartciutatcomtal.cat\/wp-content\/gallery\/tradicionsendansa\/thumbs\/thumbs_2013-10-13-177-Monestir-de-Pedralbes.JPG\"\n               data-image-id=\"54\"\n               data-title=\"2013-10-13 - 177 -Monestir de Pedralbes.JPG\"\n               data-description=\"\"\n               data-image-slug=\"2013-10-13-177-monestir-de-pedralbes-jpg\"\n               class=\"ngg-fancybox\" rel=\"711\">\n                <img\n                    title=\"2013-10-13 - 177 -Monestir de Pedralbes.JPG\"\n                    alt=\"2013-10-13 - 177 -Monestir de Pedralbes.JPG\"\n                    src=\"https:\/\/esbartciutatcomtal.cat\/wp-content\/gallery\/tradicionsendansa\/thumbs\/thumbs_2013-10-13-177-Monestir-de-Pedralbes.JPG\"\n                    width=\"200\"\n                    height=\"200\"\n                    style=\"max-width:100%;\"\n                \/>\n            <\/a>\n        <\/div>\n\t\t\t\t\t\t\t<\/div> \n\t\t\t\n        \n\t\t\n\t\t<!-- Pagination -->\n\t<div class='ngg-clear'><\/div>\t<\/div>\n<\/p>\n<\/div><\/div><\/div><\/div><\/div>","protected":false},"excerpt":{"rendered":"<p>Tradicions en dansa \u00e9s un espectacle que, tot i estar compost de coreografies i arranjaments populars, ens remet a les nostres arrels m\u00e9s folkl\u00f2riques. Estructurat en dues parts, la primera formada per diverses danses, i la segona formada per un ball costumista o un ball argumentat, no est\u00e0 subjecte a un format \u00fanic i es [&hellip;]<\/p>\n","protected":false},"author":1,"featured_media":0,"parent":58,"menu_order":0,"comment_status":"closed","ping_status":"closed","template":"","meta":{"ngg_post_thumbnail":0},"yoast_head":"<!-- This site is optimized with the Yoast SEO plugin v17.6 - https:\/\/yoast.com\/wordpress\/plugins\/seo\/ -->\n<title>Tradicions en Dansa - Esbart Ciutat Comtal<\/title>\n<meta name=\"robots\" content=\"index, follow, max-snippet:-1, max-image-preview:large, max-video-preview:-1\" \/>\n<link rel=\"canonical\" href=\"https:\/\/esbartciutatcomtal.cat\/index.php\/espectacles\/tradicions-en-dansa\/\" \/>\n<meta property=\"og:locale\" content=\"ca_ES\" \/>\n<meta property=\"og:type\" content=\"article\" \/>\n<meta property=\"og:title\" content=\"Tradicions en Dansa - Esbart Ciutat Comtal\" \/>\n<meta property=\"og:description\" content=\"Tradicions en dansa \u00e9s un espectacle que, tot i estar compost de coreografies i arranjaments populars, ens remet a les nostres arrels m\u00e9s folkl\u00f2riques. Estructurat en dues parts, la primera formada per diverses danses, i la segona formada per un ball costumista o un ball argumentat, no est\u00e0 subjecte a un format \u00fanic i es [&hellip;]\" \/>\n<meta property=\"og:url\" content=\"https:\/\/esbartciutatcomtal.cat\/index.php\/espectacles\/tradicions-en-dansa\/\" \/>\n<meta property=\"og:site_name\" content=\"Esbart Ciutat Comtal\" \/>\n<meta property=\"article:publisher\" content=\"https:\/\/www.facebook.com\/esbartciutatcomtal\/\" \/>\n<meta property=\"article:modified_time\" content=\"2015-05-11T20:03:57+00:00\" \/>\n<meta property=\"og:image\" content=\"http:\/\/2578314-0.web-hosting.es\/index.php\/nextgen-attach_to_post\/preview\/id--500\" \/>\n<meta name=\"twitter:card\" content=\"summary\" \/>\n<meta name=\"twitter:site\" content=\"@esbartciutatcom\" \/>\n<script type=\"application\/ld+json\" class=\"yoast-schema-graph\">{\"@context\":\"https:\/\/schema.org\",\"@graph\":[{\"@type\":\"Organization\",\"@id\":\"https:\/\/esbartciutatcomtal.cat\/#organization\",\"name\":\"Esbart Ciutat Comtal\",\"url\":\"https:\/\/esbartciutatcomtal.cat\/\",\"sameAs\":[\"https:\/\/www.facebook.com\/esbartciutatcomtal\/\",\"https:\/\/www.instagram.com\/esbartciutatcom\/\",\"https:\/\/www.youtube.com\/user\/eciutatcomtal\",\"https:\/\/twitter.com\/esbartciutatcom\"],\"logo\":{\"@type\":\"ImageObject\",\"@id\":\"https:\/\/esbartciutatcomtal.cat\/#logo\",\"inLanguage\":\"ca\",\"url\":\"https:\/\/esbartciutatcomtal.cat\/wp-content\/uploads\/2015\/05\/ECClogo.png\",\"contentUrl\":\"https:\/\/esbartciutatcomtal.cat\/wp-content\/uploads\/2015\/05\/ECClogo.png\",\"width\":300,\"height\":125,\"caption\":\"Esbart Ciutat Comtal\"},\"image\":{\"@id\":\"https:\/\/esbartciutatcomtal.cat\/#logo\"}},{\"@type\":\"WebSite\",\"@id\":\"https:\/\/esbartciutatcomtal.cat\/#website\",\"url\":\"https:\/\/esbartciutatcomtal.cat\/\",\"name\":\"Esbart Ciutat Comtal\",\"description\":\"\",\"publisher\":{\"@id\":\"https:\/\/esbartciutatcomtal.cat\/#organization\"},\"potentialAction\":[{\"@type\":\"SearchAction\",\"target\":{\"@type\":\"EntryPoint\",\"urlTemplate\":\"https:\/\/esbartciutatcomtal.cat\/?s={search_term_string}\"},\"query-input\":\"required name=search_term_string\"}],\"inLanguage\":\"ca\"},{\"@type\":\"ImageObject\",\"@id\":\"https:\/\/esbartciutatcomtal.cat\/index.php\/espectacles\/tradicions-en-dansa\/#primaryimage\",\"inLanguage\":\"ca\",\"url\":\"http:\/\/2578314-0.web-hosting.es\/index.php\/nextgen-attach_to_post\/preview\/id--500\",\"contentUrl\":\"http:\/\/2578314-0.web-hosting.es\/index.php\/nextgen-attach_to_post\/preview\/id--500\"},{\"@type\":\"WebPage\",\"@id\":\"https:\/\/esbartciutatcomtal.cat\/index.php\/espectacles\/tradicions-en-dansa\/#webpage\",\"url\":\"https:\/\/esbartciutatcomtal.cat\/index.php\/espectacles\/tradicions-en-dansa\/\",\"name\":\"Tradicions en Dansa - Esbart Ciutat Comtal\",\"isPartOf\":{\"@id\":\"https:\/\/esbartciutatcomtal.cat\/#website\"},\"primaryImageOfPage\":{\"@id\":\"https:\/\/esbartciutatcomtal.cat\/index.php\/espectacles\/tradicions-en-dansa\/#primaryimage\"},\"datePublished\":\"2015-03-05T14:21:29+00:00\",\"dateModified\":\"2015-05-11T20:03:57+00:00\",\"breadcrumb\":{\"@id\":\"https:\/\/esbartciutatcomtal.cat\/index.php\/espectacles\/tradicions-en-dansa\/#breadcrumb\"},\"inLanguage\":\"ca\",\"potentialAction\":[{\"@type\":\"ReadAction\",\"target\":[\"https:\/\/esbartciutatcomtal.cat\/index.php\/espectacles\/tradicions-en-dansa\/\"]}]},{\"@type\":\"BreadcrumbList\",\"@id\":\"https:\/\/esbartciutatcomtal.cat\/index.php\/espectacles\/tradicions-en-dansa\/#breadcrumb\",\"itemListElement\":[{\"@type\":\"ListItem\",\"position\":1,\"name\":\"Inici\",\"item\":\"https:\/\/esbartciutatcomtal.cat\/\"},{\"@type\":\"ListItem\",\"position\":2,\"name\":\"Espectacles\",\"item\":\"https:\/\/esbartciutatcomtal.cat\/index.php\/espectacles\/\"},{\"@type\":\"ListItem\",\"position\":3,\"name\":\"Tradicions en Dansa\"}]}]}<\/script>\n<!-- \/ Yoast SEO plugin. -->","yoast_head_json":{"title":"Tradicions en Dansa - Esbart Ciutat Comtal","robots":{"index":"index","follow":"follow","max-snippet":"max-snippet:-1","max-image-preview":"max-image-preview:large","max-video-preview":"max-video-preview:-1"},"canonical":"https:\/\/esbartciutatcomtal.cat\/index.php\/espectacles\/tradicions-en-dansa\/","og_locale":"ca_ES","og_type":"article","og_title":"Tradicions en Dansa - Esbart Ciutat Comtal","og_description":"Tradicions en dansa \u00e9s un espectacle que, tot i estar compost de coreografies i arranjaments populars, ens remet a les nostres arrels m\u00e9s folkl\u00f2riques. Estructurat en dues parts, la primera formada per diverses danses, i la segona formada per un ball costumista o un ball argumentat, no est\u00e0 subjecte a un format \u00fanic i es [&hellip;]","og_url":"https:\/\/esbartciutatcomtal.cat\/index.php\/espectacles\/tradicions-en-dansa\/","og_site_name":"Esbart Ciutat Comtal","article_publisher":"https:\/\/www.facebook.com\/esbartciutatcomtal\/","article_modified_time":"2015-05-11T20:03:57+00:00","og_image":[{"url":"http:\/\/2578314-0.web-hosting.es\/index.php\/nextgen-attach_to_post\/preview\/id--500"}],"twitter_card":"summary","twitter_site":"@esbartciutatcom","schema":{"@context":"https:\/\/schema.org","@graph":[{"@type":"Organization","@id":"https:\/\/esbartciutatcomtal.cat\/#organization","name":"Esbart Ciutat Comtal","url":"https:\/\/esbartciutatcomtal.cat\/","sameAs":["https:\/\/www.facebook.com\/esbartciutatcomtal\/","https:\/\/www.instagram.com\/esbartciutatcom\/","https:\/\/www.youtube.com\/user\/eciutatcomtal","https:\/\/twitter.com\/esbartciutatcom"],"logo":{"@type":"ImageObject","@id":"https:\/\/esbartciutatcomtal.cat\/#logo","inLanguage":"ca","url":"https:\/\/esbartciutatcomtal.cat\/wp-content\/uploads\/2015\/05\/ECClogo.png","contentUrl":"https:\/\/esbartciutatcomtal.cat\/wp-content\/uploads\/2015\/05\/ECClogo.png","width":300,"height":125,"caption":"Esbart Ciutat Comtal"},"image":{"@id":"https:\/\/esbartciutatcomtal.cat\/#logo"}},{"@type":"WebSite","@id":"https:\/\/esbartciutatcomtal.cat\/#website","url":"https:\/\/esbartciutatcomtal.cat\/","name":"Esbart Ciutat Comtal","description":"","publisher":{"@id":"https:\/\/esbartciutatcomtal.cat\/#organization"},"potentialAction":[{"@type":"SearchAction","target":{"@type":"EntryPoint","urlTemplate":"https:\/\/esbartciutatcomtal.cat\/?s={search_term_string}"},"query-input":"required name=search_term_string"}],"inLanguage":"ca"},{"@type":"ImageObject","@id":"https:\/\/esbartciutatcomtal.cat\/index.php\/espectacles\/tradicions-en-dansa\/#primaryimage","inLanguage":"ca","url":"http:\/\/2578314-0.web-hosting.es\/index.php\/nextgen-attach_to_post\/preview\/id--500","contentUrl":"http:\/\/2578314-0.web-hosting.es\/index.php\/nextgen-attach_to_post\/preview\/id--500"},{"@type":"WebPage","@id":"https:\/\/esbartciutatcomtal.cat\/index.php\/espectacles\/tradicions-en-dansa\/#webpage","url":"https:\/\/esbartciutatcomtal.cat\/index.php\/espectacles\/tradicions-en-dansa\/","name":"Tradicions en Dansa - Esbart Ciutat Comtal","isPartOf":{"@id":"https:\/\/esbartciutatcomtal.cat\/#website"},"primaryImageOfPage":{"@id":"https:\/\/esbartciutatcomtal.cat\/index.php\/espectacles\/tradicions-en-dansa\/#primaryimage"},"datePublished":"2015-03-05T14:21:29+00:00","dateModified":"2015-05-11T20:03:57+00:00","breadcrumb":{"@id":"https:\/\/esbartciutatcomtal.cat\/index.php\/espectacles\/tradicions-en-dansa\/#breadcrumb"},"inLanguage":"ca","potentialAction":[{"@type":"ReadAction","target":["https:\/\/esbartciutatcomtal.cat\/index.php\/espectacles\/tradicions-en-dansa\/"]}]},{"@type":"BreadcrumbList","@id":"https:\/\/esbartciutatcomtal.cat\/index.php\/espectacles\/tradicions-en-dansa\/#breadcrumb","itemListElement":[{"@type":"ListItem","position":1,"name":"Inici","item":"https:\/\/esbartciutatcomtal.cat\/"},{"@type":"ListItem","position":2,"name":"Espectacles","item":"https:\/\/esbartciutatcomtal.cat\/index.php\/espectacles\/"},{"@type":"ListItem","position":3,"name":"Tradicions en Dansa"}]}]}},"_links":{"self":[{"href":"https:\/\/esbartciutatcomtal.cat\/index.php\/wp-json\/wp\/v2\/pages\/362"}],"collection":[{"href":"https:\/\/esbartciutatcomtal.cat\/index.php\/wp-json\/wp\/v2\/pages"}],"about":[{"href":"https:\/\/esbartciutatcomtal.cat\/index.php\/wp-json\/wp\/v2\/types\/page"}],"author":[{"embeddable":true,"href":"https:\/\/esbartciutatcomtal.cat\/index.php\/wp-json\/wp\/v2\/users\/1"}],"replies":[{"embeddable":true,"href":"https:\/\/esbartciutatcomtal.cat\/index.php\/wp-json\/wp\/v2\/comments?post=362"}],"version-history":[{"count":1,"href":"https:\/\/esbartciutatcomtal.cat\/index.php\/wp-json\/wp\/v2\/pages\/362\/revisions"}],"predecessor-version":[{"id":712,"href":"https:\/\/esbartciutatcomtal.cat\/index.php\/wp-json\/wp\/v2\/pages\/362\/revisions\/712"}],"up":[{"embeddable":true,"href":"https:\/\/esbartciutatcomtal.cat\/index.php\/wp-json\/wp\/v2\/pages\/58"}],"wp:attachment":[{"href":"https:\/\/esbartciutatcomtal.cat\/index.php\/wp-json\/wp\/v2\/media?parent=362"}],"curies":[{"name":"wp","href":"https:\/\/api.w.org\/{rel}","templated":true}]}}