{"id":406,"date":"2015-03-06T14:14:17","date_gmt":"2015-03-06T13:14:17","guid":{"rendered":"http:\/\/2578314-0.web-hosting.es\/?page_id=406"},"modified":"2015-05-11T22:22:27","modified_gmt":"2015-05-11T20:22:27","slug":"ritmes-i-rimes","status":"publish","type":"page","link":"https:\/\/esbartciutatcomtal.cat\/index.php\/espectacles\/ritmes-i-rimes\/","title":{"rendered":"Ritmes i Rimes"},"content":{"rendered":"<div id=\"pl-406\"  class=\"panel-layout\" ><div id=\"pg-406-0\"  class=\"panel-grid panel-no-style\" ><div id=\"pgc-406-0-0\"  class=\"panel-grid-cell\" ><div id=\"panel-406-0-0-0\" class=\"so-panel widget widget_black-studio-tinymce widget_black_studio_tinymce panel-first-child panel-last-child\" data-index=\"0\" ><div class=\"textwidget\"><p>Segons diu la definici\u00f3, ritme \u00e9s la proporci\u00f3 de temps entre diversos sons, moviments o actes repetits. Les tribus m\u00e9s ancestrals basen els seus rituals en el ritme, hi ha ritme a les can\u00e7ons, a la dansa, a les m\u00fasiques. La poesia t\u00e9 ritme. Hi ha ritme a les f\u00e0briques, quan s\u2019escriu a l\u2019ordinador, quan comunica el tel\u00e8fon. Hi ha ritme a la vida i la nostra vida \u00e9s ritme perqu\u00e8 dep\u00e8n del batec del cor. Una cad\u00e8ncia r\u00edtmica no deixa indiferent a ning\u00fa. El ritme \u00e9s un element primari que produeix causa-efecte. No cal pensar. Podem deixar-nos estimular pel ritme i el nostre cos respondr\u00e0 amb un moviment.<\/p>\n<p>La definici\u00f3 de rima ens diu que \u00e9s la repetici\u00f3 de sons, normalment al final d\u2019un conjunt de versos. Aix\u00f2 \u00e9s poesia, \u00e9s a dir: el contingut form\u00f3s d\u2019una obra liter\u00e0ria. Tenim rima masculina, femenina, falsa, f\u00e0cil, equ\u00edvoca, interna, assonant, consonant... Hi ha rimes per tots els gustos. Nosaltres hem triat aquella que pel contingut dels seus versos ens ha inspirat dansa.<\/p>\n<p>Ritmes i Rimes \u00e9s un espectacle d\u2019una sola part que engloba cinc coreografies, compostes cadascuna per diverses danses, enlla\u00e7ades entre elles a trav\u00e9s de la rima.<\/p>\n<\/div><\/div><\/div><\/div><div id=\"pg-406-1\"  class=\"panel-grid panel-no-style\" ><div id=\"pgc-406-1-0\"  class=\"panel-grid-cell\" ><div id=\"panel-406-1-0-0\" class=\"so-panel widget widget_black-studio-tinymce widget_black_studio_tinymce panel-first-child panel-last-child\" data-index=\"1\" ><div class=\"textwidget\"><p><!-- index.php -->\n<div\n\tclass=\"ngg-galleryoverview ngg-ajax-pagination-none\"\n\tid=\"ngg-gallery-734-1\">\n\n    \t\t<!-- Thumbnails -->\n\t\t\t\t<div id=\"ngg-image-0\" class=\"ngg-gallery-thumbnail-box\" >\n\t\t\t\t        <div class=\"ngg-gallery-thumbnail\">\n            <a href=\"https:\/\/esbartciutatcomtal.cat\/wp-content\/gallery\/ritmesirimes\/2005-04-02-043-Estrena-Ritmrs-i-Rimes-Ovidi-Montllor.JPG\"\n               title=\"\"\n               data-src=\"https:\/\/esbartciutatcomtal.cat\/wp-content\/gallery\/ritmesirimes\/2005-04-02-043-Estrena-Ritmrs-i-Rimes-Ovidi-Montllor.JPG\"\n               data-thumbnail=\"https:\/\/esbartciutatcomtal.cat\/wp-content\/gallery\/ritmesirimes\/thumbs\/thumbs_2005-04-02-043-Estrena-Ritmrs-i-Rimes-Ovidi-Montllor.JPG\"\n               data-image-id=\"55\"\n               data-title=\"2005-04-02 - 043 -Estrena Ritmrs i Rimes Ovidi Montllor.JPG\"\n               data-description=\"\"\n               data-image-slug=\"2005-04-02-043-estrena-ritmrs-i-rimes-ovidi-montllor-jpg\"\n               class=\"ngg-fancybox\" rel=\"734\">\n                <img\n                    title=\"2005-04-02 - 043 -Estrena Ritmrs i Rimes Ovidi Montllor.JPG\"\n                    alt=\"2005-04-02 - 043 -Estrena Ritmrs i Rimes Ovidi Montllor.JPG\"\n                    src=\"https:\/\/esbartciutatcomtal.cat\/wp-content\/gallery\/ritmesirimes\/thumbs\/thumbs_2005-04-02-043-Estrena-Ritmrs-i-Rimes-Ovidi-Montllor.JPG\"\n                    width=\"200\"\n                    height=\"200\"\n                    style=\"max-width:100%;\"\n                \/>\n            <\/a>\n        <\/div>\n\t\t\t\t\t\t\t<\/div> \n\t\t\t\n        \n\t\t\t\t<div id=\"ngg-image-1\" class=\"ngg-gallery-thumbnail-box\" >\n\t\t\t\t        <div class=\"ngg-gallery-thumbnail\">\n            <a href=\"https:\/\/esbartciutatcomtal.cat\/wp-content\/gallery\/ritmesirimes\/2005-04-02-047-Estrena-Ritmrs-i-Rimes-Ovidi-Montllor.JPG\"\n               title=\"\"\n               data-src=\"https:\/\/esbartciutatcomtal.cat\/wp-content\/gallery\/ritmesirimes\/2005-04-02-047-Estrena-Ritmrs-i-Rimes-Ovidi-Montllor.JPG\"\n               data-thumbnail=\"https:\/\/esbartciutatcomtal.cat\/wp-content\/gallery\/ritmesirimes\/thumbs\/thumbs_2005-04-02-047-Estrena-Ritmrs-i-Rimes-Ovidi-Montllor.JPG\"\n               data-image-id=\"56\"\n               data-title=\"2005-04-02 - 047 -Estrena Ritmrs i Rimes Ovidi Montllor.JPG\"\n               data-description=\"\"\n               data-image-slug=\"2005-04-02-047-estrena-ritmrs-i-rimes-ovidi-montllor-jpg\"\n               class=\"ngg-fancybox\" rel=\"734\">\n                <img\n                    title=\"2005-04-02 - 047 -Estrena Ritmrs i Rimes Ovidi Montllor.JPG\"\n                    alt=\"2005-04-02 - 047 -Estrena Ritmrs i Rimes Ovidi Montllor.JPG\"\n                    src=\"https:\/\/esbartciutatcomtal.cat\/wp-content\/gallery\/ritmesirimes\/thumbs\/thumbs_2005-04-02-047-Estrena-Ritmrs-i-Rimes-Ovidi-Montllor.JPG\"\n                    width=\"200\"\n                    height=\"200\"\n                    style=\"max-width:100%;\"\n                \/>\n            <\/a>\n        <\/div>\n\t\t\t\t\t\t\t<\/div> \n\t\t\t\n        \n\t\t\t\t<div id=\"ngg-image-2\" class=\"ngg-gallery-thumbnail-box\" >\n\t\t\t\t        <div class=\"ngg-gallery-thumbnail\">\n            <a href=\"https:\/\/esbartciutatcomtal.cat\/wp-content\/gallery\/ritmesirimes\/2005-04-02-081-Estrena-Ritmrs-i-Rimes-Ovidi-Montllor.JPG\"\n               title=\"\"\n               data-src=\"https:\/\/esbartciutatcomtal.cat\/wp-content\/gallery\/ritmesirimes\/2005-04-02-081-Estrena-Ritmrs-i-Rimes-Ovidi-Montllor.JPG\"\n               data-thumbnail=\"https:\/\/esbartciutatcomtal.cat\/wp-content\/gallery\/ritmesirimes\/thumbs\/thumbs_2005-04-02-081-Estrena-Ritmrs-i-Rimes-Ovidi-Montllor.JPG\"\n               data-image-id=\"57\"\n               data-title=\"2005-04-02 - 081 -Estrena Ritmrs i Rimes Ovidi Montllor.JPG\"\n               data-description=\"\"\n               data-image-slug=\"2005-04-02-081-estrena-ritmrs-i-rimes-ovidi-montllor-jpg\"\n               class=\"ngg-fancybox\" rel=\"734\">\n                <img\n                    title=\"2005-04-02 - 081 -Estrena Ritmrs i Rimes Ovidi Montllor.JPG\"\n                    alt=\"2005-04-02 - 081 -Estrena Ritmrs i Rimes Ovidi Montllor.JPG\"\n                    src=\"https:\/\/esbartciutatcomtal.cat\/wp-content\/gallery\/ritmesirimes\/thumbs\/thumbs_2005-04-02-081-Estrena-Ritmrs-i-Rimes-Ovidi-Montllor.JPG\"\n                    width=\"200\"\n                    height=\"200\"\n                    style=\"max-width:100%;\"\n                \/>\n            <\/a>\n        <\/div>\n\t\t\t\t\t\t\t<\/div> \n\t\t\t\n        \n\t\t\t\t<div id=\"ngg-image-3\" class=\"ngg-gallery-thumbnail-box\" >\n\t\t\t\t        <div class=\"ngg-gallery-thumbnail\">\n            <a href=\"https:\/\/esbartciutatcomtal.cat\/wp-content\/gallery\/ritmesirimes\/2005-04-02-166-Estrena-Ritmrs-i-Rimes-Ovidi-Montllor.JPG\"\n               title=\"\"\n               data-src=\"https:\/\/esbartciutatcomtal.cat\/wp-content\/gallery\/ritmesirimes\/2005-04-02-166-Estrena-Ritmrs-i-Rimes-Ovidi-Montllor.JPG\"\n               data-thumbnail=\"https:\/\/esbartciutatcomtal.cat\/wp-content\/gallery\/ritmesirimes\/thumbs\/thumbs_2005-04-02-166-Estrena-Ritmrs-i-Rimes-Ovidi-Montllor.JPG\"\n               data-image-id=\"58\"\n               data-title=\"2005-04-02 - 166 -Estrena Ritmrs i Rimes Ovidi Montllor.JPG\"\n               data-description=\"\"\n               data-image-slug=\"2005-04-02-166-estrena-ritmrs-i-rimes-ovidi-montllor-jpg\"\n               class=\"ngg-fancybox\" rel=\"734\">\n                <img\n                    title=\"2005-04-02 - 166 -Estrena Ritmrs i Rimes Ovidi Montllor.JPG\"\n                    alt=\"2005-04-02 - 166 -Estrena Ritmrs i Rimes Ovidi Montllor.JPG\"\n                    src=\"https:\/\/esbartciutatcomtal.cat\/wp-content\/gallery\/ritmesirimes\/thumbs\/thumbs_2005-04-02-166-Estrena-Ritmrs-i-Rimes-Ovidi-Montllor.JPG\"\n                    width=\"200\"\n                    height=\"200\"\n                    style=\"max-width:100%;\"\n                \/>\n            <\/a>\n        <\/div>\n\t\t\t\t\t\t\t<\/div> \n\t\t\t\n        \n\t\t\t\t<div id=\"ngg-image-4\" class=\"ngg-gallery-thumbnail-box\" >\n\t\t\t\t        <div class=\"ngg-gallery-thumbnail\">\n            <a href=\"https:\/\/esbartciutatcomtal.cat\/wp-content\/gallery\/ritmesirimes\/2005-04-02-242-Estrena-Ritmrs-i-Rimes-Ovidi-Montllor.JPG\"\n               title=\"\"\n               data-src=\"https:\/\/esbartciutatcomtal.cat\/wp-content\/gallery\/ritmesirimes\/2005-04-02-242-Estrena-Ritmrs-i-Rimes-Ovidi-Montllor.JPG\"\n               data-thumbnail=\"https:\/\/esbartciutatcomtal.cat\/wp-content\/gallery\/ritmesirimes\/thumbs\/thumbs_2005-04-02-242-Estrena-Ritmrs-i-Rimes-Ovidi-Montllor.JPG\"\n               data-image-id=\"59\"\n               data-title=\"2005-04-02 - 242 -Estrena Ritmrs i Rimes Ovidi Montllor.JPG\"\n               data-description=\"\"\n               data-image-slug=\"2005-04-02-242-estrena-ritmrs-i-rimes-ovidi-montllor-jpg\"\n               class=\"ngg-fancybox\" rel=\"734\">\n                <img\n                    title=\"2005-04-02 - 242 -Estrena Ritmrs i Rimes Ovidi Montllor.JPG\"\n                    alt=\"2005-04-02 - 242 -Estrena Ritmrs i Rimes Ovidi Montllor.JPG\"\n                    src=\"https:\/\/esbartciutatcomtal.cat\/wp-content\/gallery\/ritmesirimes\/thumbs\/thumbs_2005-04-02-242-Estrena-Ritmrs-i-Rimes-Ovidi-Montllor.JPG\"\n                    width=\"200\"\n                    height=\"200\"\n                    style=\"max-width:100%;\"\n                \/>\n            <\/a>\n        <\/div>\n\t\t\t\t\t\t\t<\/div> \n\t\t\t\n        \n\t\t\t\t<div id=\"ngg-image-5\" class=\"ngg-gallery-thumbnail-box\" >\n\t\t\t\t        <div class=\"ngg-gallery-thumbnail\">\n            <a href=\"https:\/\/esbartciutatcomtal.cat\/wp-content\/gallery\/ritmesirimes\/2009-06-26-204-Assaig-General-de-S%C3%ADntesi.jpg\"\n               title=\"\"\n               data-src=\"https:\/\/esbartciutatcomtal.cat\/wp-content\/gallery\/ritmesirimes\/2009-06-26-204-Assaig-General-de-S%C3%ADntesi.jpg\"\n               data-thumbnail=\"https:\/\/esbartciutatcomtal.cat\/wp-content\/gallery\/ritmesirimes\/thumbs\/thumbs_2009-06-26-204-Assaig-General-de-S%C3%ADntesi.jpg\"\n               data-image-id=\"60\"\n               data-title=\"2009-06-26 - 204 -Assaig General de S\u00edntesi.jpg\"\n               data-description=\"\"\n               data-image-slug=\"2009-06-26-204-assaig-general-de-s%c3%adntesi-jpg-1\"\n               class=\"ngg-fancybox\" rel=\"734\">\n                <img\n                    title=\"2009-06-26 - 204 -Assaig General de S\u00edntesi.jpg\"\n                    alt=\"2009-06-26 - 204 -Assaig General de S\u00edntesi.jpg\"\n                    src=\"https:\/\/esbartciutatcomtal.cat\/wp-content\/gallery\/ritmesirimes\/thumbs\/thumbs_2009-06-26-204-Assaig-General-de-S%C3%ADntesi.jpg\"\n                    width=\"200\"\n                    height=\"200\"\n                    style=\"max-width:100%;\"\n                \/>\n            <\/a>\n        <\/div>\n\t\t\t\t\t\t\t<\/div> \n\t\t\t\n        \n\t\t\t\t<div id=\"ngg-image-6\" class=\"ngg-gallery-thumbnail-box\" >\n\t\t\t\t        <div class=\"ngg-gallery-thumbnail\">\n            <a href=\"https:\/\/esbartciutatcomtal.cat\/wp-content\/gallery\/ritmesirimes\/2009-06-27-746-S%C3%ADntesi-Ovidi-Montllor-Nit.jpg\"\n               title=\"\"\n               data-src=\"https:\/\/esbartciutatcomtal.cat\/wp-content\/gallery\/ritmesirimes\/2009-06-27-746-S%C3%ADntesi-Ovidi-Montllor-Nit.jpg\"\n               data-thumbnail=\"https:\/\/esbartciutatcomtal.cat\/wp-content\/gallery\/ritmesirimes\/thumbs\/thumbs_2009-06-27-746-S%C3%ADntesi-Ovidi-Montllor-Nit.jpg\"\n               data-image-id=\"61\"\n               data-title=\"2009-06-27 - 746 -S\u00edntesi Ovidi Montllor Nit.jpg\"\n               data-description=\"\"\n               data-image-slug=\"2009-06-27-746-s%c3%adntesi-ovidi-montllor-nit-jpg-1\"\n               class=\"ngg-fancybox\" rel=\"734\">\n                <img\n                    title=\"2009-06-27 - 746 -S\u00edntesi Ovidi Montllor Nit.jpg\"\n                    alt=\"2009-06-27 - 746 -S\u00edntesi Ovidi Montllor Nit.jpg\"\n                    src=\"https:\/\/esbartciutatcomtal.cat\/wp-content\/gallery\/ritmesirimes\/thumbs\/thumbs_2009-06-27-746-S%C3%ADntesi-Ovidi-Montllor-Nit.jpg\"\n                    width=\"200\"\n                    height=\"200\"\n                    style=\"max-width:100%;\"\n                \/>\n            <\/a>\n        <\/div>\n\t\t\t\t\t\t\t<\/div> \n\t\t\t\n        \n\t\t\t\t<div id=\"ngg-image-7\" class=\"ngg-gallery-thumbnail-box\" >\n\t\t\t\t        <div class=\"ngg-gallery-thumbnail\">\n            <a href=\"https:\/\/esbartciutatcomtal.cat\/wp-content\/gallery\/ritmesirimes\/2009-06-28-319-S%C3%ADntesi-Ovidi-Montllor.jpg\"\n               title=\"\"\n               data-src=\"https:\/\/esbartciutatcomtal.cat\/wp-content\/gallery\/ritmesirimes\/2009-06-28-319-S%C3%ADntesi-Ovidi-Montllor.jpg\"\n               data-thumbnail=\"https:\/\/esbartciutatcomtal.cat\/wp-content\/gallery\/ritmesirimes\/thumbs\/thumbs_2009-06-28-319-S%C3%ADntesi-Ovidi-Montllor.jpg\"\n               data-image-id=\"62\"\n               data-title=\"2009-06-28 - 319 -S\u00edntesi Ovidi Montllor.jpg\"\n               data-description=\"\"\n               data-image-slug=\"2009-06-28-319-s%c3%adntesi-ovidi-montllor-jpg-1\"\n               class=\"ngg-fancybox\" rel=\"734\">\n                <img\n                    title=\"2009-06-28 - 319 -S\u00edntesi Ovidi Montllor.jpg\"\n                    alt=\"2009-06-28 - 319 -S\u00edntesi Ovidi Montllor.jpg\"\n                    src=\"https:\/\/esbartciutatcomtal.cat\/wp-content\/gallery\/ritmesirimes\/thumbs\/thumbs_2009-06-28-319-S%C3%ADntesi-Ovidi-Montllor.jpg\"\n                    width=\"200\"\n                    height=\"200\"\n                    style=\"max-width:100%;\"\n                \/>\n            <\/a>\n        <\/div>\n\t\t\t\t\t\t\t<\/div> \n\t\t\t\n        \n\t\t\t\t<div id=\"ngg-image-8\" class=\"ngg-gallery-thumbnail-box\" >\n\t\t\t\t        <div class=\"ngg-gallery-thumbnail\">\n            <a href=\"https:\/\/esbartciutatcomtal.cat\/wp-content\/gallery\/ritmesirimes\/2010-06-27-361-Cl%C3%A0ssics-en-dansa-Teatre-Zorrilla.JPG\"\n               title=\"\"\n               data-src=\"https:\/\/esbartciutatcomtal.cat\/wp-content\/gallery\/ritmesirimes\/2010-06-27-361-Cl%C3%A0ssics-en-dansa-Teatre-Zorrilla.JPG\"\n               data-thumbnail=\"https:\/\/esbartciutatcomtal.cat\/wp-content\/gallery\/ritmesirimes\/thumbs\/thumbs_2010-06-27-361-Cl%C3%A0ssics-en-dansa-Teatre-Zorrilla.JPG\"\n               data-image-id=\"63\"\n               data-title=\"2010-06-27 - 361 -Cl\u00e0ssics en dansa Teatre Zorrilla.JPG\"\n               data-description=\"\"\n               data-image-slug=\"2010-06-27-361-cl%c3%a0ssics-en-dansa-teatre-zorrilla-jpg-1\"\n               class=\"ngg-fancybox\" rel=\"734\">\n                <img\n                    title=\"2010-06-27 - 361 -Cl\u00e0ssics en dansa Teatre Zorrilla.JPG\"\n                    alt=\"2010-06-27 - 361 -Cl\u00e0ssics en dansa Teatre Zorrilla.JPG\"\n                    src=\"https:\/\/esbartciutatcomtal.cat\/wp-content\/gallery\/ritmesirimes\/thumbs\/thumbs_2010-06-27-361-Cl%C3%A0ssics-en-dansa-Teatre-Zorrilla.JPG\"\n                    width=\"200\"\n                    height=\"200\"\n                    style=\"max-width:100%;\"\n                \/>\n            <\/a>\n        <\/div>\n\t\t\t\t\t\t\t<\/div> \n\t\t\t\n        \n\t\t\n\t\t<!-- Pagination -->\n\t<div class='ngg-clear'><\/div>\t<\/div>\n<\/p>\n<\/div><\/div><\/div><\/div><\/div>","protected":false},"excerpt":{"rendered":"<p>Segons diu la definici\u00f3, ritme \u00e9s la proporci\u00f3 de temps entre diversos sons, moviments o actes repetits. Les tribus m\u00e9s ancestrals basen els seus rituals en el ritme, hi ha ritme a les can\u00e7ons, a la dansa, a les m\u00fasiques. La poesia t\u00e9 ritme. Hi ha ritme a les f\u00e0briques, quan s\u2019escriu a l\u2019ordinador, quan [&hellip;]<\/p>\n","protected":false},"author":1,"featured_media":0,"parent":58,"menu_order":0,"comment_status":"closed","ping_status":"closed","template":"","meta":{"ngg_post_thumbnail":0},"yoast_head":"<!-- This site is optimized with the Yoast SEO plugin v17.6 - https:\/\/yoast.com\/wordpress\/plugins\/seo\/ -->\n<title>Ritmes i Rimes - Esbart Ciutat Comtal<\/title>\n<meta name=\"robots\" content=\"index, follow, max-snippet:-1, max-image-preview:large, max-video-preview:-1\" \/>\n<link rel=\"canonical\" href=\"https:\/\/esbartciutatcomtal.cat\/index.php\/espectacles\/ritmes-i-rimes\/\" \/>\n<meta property=\"og:locale\" content=\"ca_ES\" \/>\n<meta property=\"og:type\" content=\"article\" \/>\n<meta property=\"og:title\" content=\"Ritmes i Rimes - Esbart Ciutat Comtal\" \/>\n<meta property=\"og:description\" content=\"Segons diu la definici\u00f3, ritme \u00e9s la proporci\u00f3 de temps entre diversos sons, moviments o actes repetits. Les tribus m\u00e9s ancestrals basen els seus rituals en el ritme, hi ha ritme a les can\u00e7ons, a la dansa, a les m\u00fasiques. La poesia t\u00e9 ritme. Hi ha ritme a les f\u00e0briques, quan s\u2019escriu a l\u2019ordinador, quan [&hellip;]\" \/>\n<meta property=\"og:url\" content=\"https:\/\/esbartciutatcomtal.cat\/index.php\/espectacles\/ritmes-i-rimes\/\" \/>\n<meta property=\"og:site_name\" content=\"Esbart Ciutat Comtal\" \/>\n<meta property=\"article:publisher\" content=\"https:\/\/www.facebook.com\/esbartciutatcomtal\/\" \/>\n<meta property=\"article:modified_time\" content=\"2015-05-11T20:22:27+00:00\" \/>\n<meta property=\"og:image\" content=\"http:\/\/esbartciutatcomtal.cat\/index.php\/nextgen-attach_to_post\/preview\/id--734\" \/>\n<meta name=\"twitter:card\" content=\"summary\" \/>\n<meta name=\"twitter:site\" content=\"@esbartciutatcom\" \/>\n<meta name=\"twitter:label1\" content=\"Temps estimat de lectura\" \/>\n\t<meta name=\"twitter:data1\" content=\"1 minut\" \/>\n<script type=\"application\/ld+json\" class=\"yoast-schema-graph\">{\"@context\":\"https:\/\/schema.org\",\"@graph\":[{\"@type\":\"Organization\",\"@id\":\"https:\/\/esbartciutatcomtal.cat\/#organization\",\"name\":\"Esbart Ciutat Comtal\",\"url\":\"https:\/\/esbartciutatcomtal.cat\/\",\"sameAs\":[\"https:\/\/www.facebook.com\/esbartciutatcomtal\/\",\"https:\/\/www.instagram.com\/esbartciutatcom\/\",\"https:\/\/www.youtube.com\/user\/eciutatcomtal\",\"https:\/\/twitter.com\/esbartciutatcom\"],\"logo\":{\"@type\":\"ImageObject\",\"@id\":\"https:\/\/esbartciutatcomtal.cat\/#logo\",\"inLanguage\":\"ca\",\"url\":\"https:\/\/esbartciutatcomtal.cat\/wp-content\/uploads\/2015\/05\/ECClogo.png\",\"contentUrl\":\"https:\/\/esbartciutatcomtal.cat\/wp-content\/uploads\/2015\/05\/ECClogo.png\",\"width\":300,\"height\":125,\"caption\":\"Esbart Ciutat Comtal\"},\"image\":{\"@id\":\"https:\/\/esbartciutatcomtal.cat\/#logo\"}},{\"@type\":\"WebSite\",\"@id\":\"https:\/\/esbartciutatcomtal.cat\/#website\",\"url\":\"https:\/\/esbartciutatcomtal.cat\/\",\"name\":\"Esbart Ciutat Comtal\",\"description\":\"\",\"publisher\":{\"@id\":\"https:\/\/esbartciutatcomtal.cat\/#organization\"},\"potentialAction\":[{\"@type\":\"SearchAction\",\"target\":{\"@type\":\"EntryPoint\",\"urlTemplate\":\"https:\/\/esbartciutatcomtal.cat\/?s={search_term_string}\"},\"query-input\":\"required name=search_term_string\"}],\"inLanguage\":\"ca\"},{\"@type\":\"ImageObject\",\"@id\":\"https:\/\/esbartciutatcomtal.cat\/index.php\/espectacles\/ritmes-i-rimes\/#primaryimage\",\"inLanguage\":\"ca\",\"url\":\"http:\/\/esbartciutatcomtal.cat\/index.php\/nextgen-attach_to_post\/preview\/id--734\",\"contentUrl\":\"http:\/\/esbartciutatcomtal.cat\/index.php\/nextgen-attach_to_post\/preview\/id--734\"},{\"@type\":\"WebPage\",\"@id\":\"https:\/\/esbartciutatcomtal.cat\/index.php\/espectacles\/ritmes-i-rimes\/#webpage\",\"url\":\"https:\/\/esbartciutatcomtal.cat\/index.php\/espectacles\/ritmes-i-rimes\/\",\"name\":\"Ritmes i Rimes - Esbart Ciutat Comtal\",\"isPartOf\":{\"@id\":\"https:\/\/esbartciutatcomtal.cat\/#website\"},\"primaryImageOfPage\":{\"@id\":\"https:\/\/esbartciutatcomtal.cat\/index.php\/espectacles\/ritmes-i-rimes\/#primaryimage\"},\"datePublished\":\"2015-03-06T13:14:17+00:00\",\"dateModified\":\"2015-05-11T20:22:27+00:00\",\"breadcrumb\":{\"@id\":\"https:\/\/esbartciutatcomtal.cat\/index.php\/espectacles\/ritmes-i-rimes\/#breadcrumb\"},\"inLanguage\":\"ca\",\"potentialAction\":[{\"@type\":\"ReadAction\",\"target\":[\"https:\/\/esbartciutatcomtal.cat\/index.php\/espectacles\/ritmes-i-rimes\/\"]}]},{\"@type\":\"BreadcrumbList\",\"@id\":\"https:\/\/esbartciutatcomtal.cat\/index.php\/espectacles\/ritmes-i-rimes\/#breadcrumb\",\"itemListElement\":[{\"@type\":\"ListItem\",\"position\":1,\"name\":\"Inici\",\"item\":\"https:\/\/esbartciutatcomtal.cat\/\"},{\"@type\":\"ListItem\",\"position\":2,\"name\":\"Espectacles\",\"item\":\"https:\/\/esbartciutatcomtal.cat\/index.php\/espectacles\/\"},{\"@type\":\"ListItem\",\"position\":3,\"name\":\"Ritmes i Rimes\"}]}]}<\/script>\n<!-- \/ Yoast SEO plugin. -->","yoast_head_json":{"title":"Ritmes i Rimes - Esbart Ciutat Comtal","robots":{"index":"index","follow":"follow","max-snippet":"max-snippet:-1","max-image-preview":"max-image-preview:large","max-video-preview":"max-video-preview:-1"},"canonical":"https:\/\/esbartciutatcomtal.cat\/index.php\/espectacles\/ritmes-i-rimes\/","og_locale":"ca_ES","og_type":"article","og_title":"Ritmes i Rimes - Esbart Ciutat Comtal","og_description":"Segons diu la definici\u00f3, ritme \u00e9s la proporci\u00f3 de temps entre diversos sons, moviments o actes repetits. Les tribus m\u00e9s ancestrals basen els seus rituals en el ritme, hi ha ritme a les can\u00e7ons, a la dansa, a les m\u00fasiques. La poesia t\u00e9 ritme. Hi ha ritme a les f\u00e0briques, quan s\u2019escriu a l\u2019ordinador, quan [&hellip;]","og_url":"https:\/\/esbartciutatcomtal.cat\/index.php\/espectacles\/ritmes-i-rimes\/","og_site_name":"Esbart Ciutat Comtal","article_publisher":"https:\/\/www.facebook.com\/esbartciutatcomtal\/","article_modified_time":"2015-05-11T20:22:27+00:00","og_image":[{"url":"http:\/\/esbartciutatcomtal.cat\/index.php\/nextgen-attach_to_post\/preview\/id--734"}],"twitter_card":"summary","twitter_site":"@esbartciutatcom","twitter_misc":{"Temps estimat de lectura":"1 minut"},"schema":{"@context":"https:\/\/schema.org","@graph":[{"@type":"Organization","@id":"https:\/\/esbartciutatcomtal.cat\/#organization","name":"Esbart Ciutat Comtal","url":"https:\/\/esbartciutatcomtal.cat\/","sameAs":["https:\/\/www.facebook.com\/esbartciutatcomtal\/","https:\/\/www.instagram.com\/esbartciutatcom\/","https:\/\/www.youtube.com\/user\/eciutatcomtal","https:\/\/twitter.com\/esbartciutatcom"],"logo":{"@type":"ImageObject","@id":"https:\/\/esbartciutatcomtal.cat\/#logo","inLanguage":"ca","url":"https:\/\/esbartciutatcomtal.cat\/wp-content\/uploads\/2015\/05\/ECClogo.png","contentUrl":"https:\/\/esbartciutatcomtal.cat\/wp-content\/uploads\/2015\/05\/ECClogo.png","width":300,"height":125,"caption":"Esbart Ciutat Comtal"},"image":{"@id":"https:\/\/esbartciutatcomtal.cat\/#logo"}},{"@type":"WebSite","@id":"https:\/\/esbartciutatcomtal.cat\/#website","url":"https:\/\/esbartciutatcomtal.cat\/","name":"Esbart Ciutat Comtal","description":"","publisher":{"@id":"https:\/\/esbartciutatcomtal.cat\/#organization"},"potentialAction":[{"@type":"SearchAction","target":{"@type":"EntryPoint","urlTemplate":"https:\/\/esbartciutatcomtal.cat\/?s={search_term_string}"},"query-input":"required name=search_term_string"}],"inLanguage":"ca"},{"@type":"ImageObject","@id":"https:\/\/esbartciutatcomtal.cat\/index.php\/espectacles\/ritmes-i-rimes\/#primaryimage","inLanguage":"ca","url":"http:\/\/esbartciutatcomtal.cat\/index.php\/nextgen-attach_to_post\/preview\/id--734","contentUrl":"http:\/\/esbartciutatcomtal.cat\/index.php\/nextgen-attach_to_post\/preview\/id--734"},{"@type":"WebPage","@id":"https:\/\/esbartciutatcomtal.cat\/index.php\/espectacles\/ritmes-i-rimes\/#webpage","url":"https:\/\/esbartciutatcomtal.cat\/index.php\/espectacles\/ritmes-i-rimes\/","name":"Ritmes i Rimes - Esbart Ciutat Comtal","isPartOf":{"@id":"https:\/\/esbartciutatcomtal.cat\/#website"},"primaryImageOfPage":{"@id":"https:\/\/esbartciutatcomtal.cat\/index.php\/espectacles\/ritmes-i-rimes\/#primaryimage"},"datePublished":"2015-03-06T13:14:17+00:00","dateModified":"2015-05-11T20:22:27+00:00","breadcrumb":{"@id":"https:\/\/esbartciutatcomtal.cat\/index.php\/espectacles\/ritmes-i-rimes\/#breadcrumb"},"inLanguage":"ca","potentialAction":[{"@type":"ReadAction","target":["https:\/\/esbartciutatcomtal.cat\/index.php\/espectacles\/ritmes-i-rimes\/"]}]},{"@type":"BreadcrumbList","@id":"https:\/\/esbartciutatcomtal.cat\/index.php\/espectacles\/ritmes-i-rimes\/#breadcrumb","itemListElement":[{"@type":"ListItem","position":1,"name":"Inici","item":"https:\/\/esbartciutatcomtal.cat\/"},{"@type":"ListItem","position":2,"name":"Espectacles","item":"https:\/\/esbartciutatcomtal.cat\/index.php\/espectacles\/"},{"@type":"ListItem","position":3,"name":"Ritmes i Rimes"}]}]}},"_links":{"self":[{"href":"https:\/\/esbartciutatcomtal.cat\/index.php\/wp-json\/wp\/v2\/pages\/406"}],"collection":[{"href":"https:\/\/esbartciutatcomtal.cat\/index.php\/wp-json\/wp\/v2\/pages"}],"about":[{"href":"https:\/\/esbartciutatcomtal.cat\/index.php\/wp-json\/wp\/v2\/types\/page"}],"author":[{"embeddable":true,"href":"https:\/\/esbartciutatcomtal.cat\/index.php\/wp-json\/wp\/v2\/users\/1"}],"replies":[{"embeddable":true,"href":"https:\/\/esbartciutatcomtal.cat\/index.php\/wp-json\/wp\/v2\/comments?post=406"}],"version-history":[{"count":1,"href":"https:\/\/esbartciutatcomtal.cat\/index.php\/wp-json\/wp\/v2\/pages\/406\/revisions"}],"predecessor-version":[{"id":739,"href":"https:\/\/esbartciutatcomtal.cat\/index.php\/wp-json\/wp\/v2\/pages\/406\/revisions\/739"}],"up":[{"embeddable":true,"href":"https:\/\/esbartciutatcomtal.cat\/index.php\/wp-json\/wp\/v2\/pages\/58"}],"wp:attachment":[{"href":"https:\/\/esbartciutatcomtal.cat\/index.php\/wp-json\/wp\/v2\/media?parent=406"}],"curies":[{"name":"wp","href":"https:\/\/api.w.org\/{rel}","templated":true}]}}